{"version":"1.0","provider_name":"R\u00e9seau Climat Jeunesse","provider_url":"https:\/\/www.reseauclimatjeunesse.org","author_name":"admin5060","author_url":"https:\/\/www.reseauclimatjeunesse.org\/index.php\/author\/admin5060\/","title":"Conf\u00e9rences de presse - R\u00e9seau Climat Jeunesse","type":"rich","width":600,"height":338,"html":"<blockquote class=\"wp-embedded-content\" data-secret=\"R2qJW2DZd2\"><a href=\"https:\/\/www.reseauclimatjeunesse.org\/index.php\/conferences-de-presse\/\">Conf\u00e9rences de presse<\/a><\/blockquote><iframe sandbox=\"allow-scripts\" security=\"restricted\" src=\"https:\/\/www.reseauclimatjeunesse.org\/index.php\/conferences-de-presse\/embed\/#?secret=R2qJW2DZd2\" width=\"600\" height=\"338\" title=\"\u00ab\u00a0Conf\u00e9rences de presse\u00a0\u00bb &#8212; R\u00e9seau Climat Jeunesse\" data-secret=\"R2qJW2DZd2\" frameborder=\"0\" marginwidth=\"0\" marginheight=\"0\" scrolling=\"no\" class=\"wp-embedded-content\"><\/iframe><script>\n\/*! This file is auto-generated *\/\n!function(d,l){\"use strict\";l.querySelector&&d.addEventListener&&\"undefined\"!=typeof URL&&(d.wp=d.wp||{},d.wp.receiveEmbedMessage||(d.wp.receiveEmbedMessage=function(e){var t=e.data;if((t||t.secret||t.message||t.value)&&!\/[^a-zA-Z0-9]\/.test(t.secret)){for(var s,r,n,a=l.querySelectorAll('iframe[data-secret=\"'+t.secret+'\"]'),o=l.querySelectorAll('blockquote[data-secret=\"'+t.secret+'\"]'),c=new RegExp(\"^https?:$\",\"i\"),i=0;i<o.length;i++)o[i].style.display=\"none\";for(i=0;i<a.length;i++)s=a[i],e.source===s.contentWindow&&(s.removeAttribute(\"style\"),\"height\"===t.message?(1e3<(r=parseInt(t.value,10))?r=1e3:~~r<200&&(r=200),s.height=r):\"link\"===t.message&&(r=new URL(s.getAttribute(\"src\")),n=new URL(t.value),c.test(n.protocol))&&n.host===r.host&&l.activeElement===s&&(d.top.location.href=t.value))}},d.addEventListener(\"message\",d.wp.receiveEmbedMessage,!1),l.addEventListener(\"DOMContentLoaded\",function(){for(var e,t,s=l.querySelectorAll(\"iframe.wp-embedded-content\"),r=0;r<s.length;r++)(t=(e=s[r]).getAttribute(\"data-secret\"))||(t=Math.random().toString(36).substring(2,12),e.src+=\"#?secret=\"+t,e.setAttribute(\"data-secret\",t)),e.contentWindow.postMessage({message:\"ready\",secret:t},\"*\")},!1)))}(window,document);\n\/\/# sourceURL=https:\/\/www.reseauclimatjeunesse.org\/wp-includes\/js\/wp-embed.min.js\n<\/script>\n","description":"Conf\u00e9rence de Presse &#8211; Journ\u00e9e de la Terre 2025 : Mardi 22 Avril Pour l\u2019ann\u00e9e 2025, nous c\u00e9l\u00e9brons le 55\u00e8me anniversaire de la Journ\u00e9e de la Terre, le th\u00e8me retenu est \u00ab Notre \u00e9nergie, notre plan\u00e8te \u00bb. L\u2019objectif sera de s\u2019unir collectivement en faveur des \u00e9nergies renouvelables, qu\u2019elles soient solaire, \u00e9oliennes, hydro\u00e9lectriques, g\u00e9othermiques ou mar\u00e9motrices, [&hellip;]"}