{"id":104,"date":"2025-03-27T15:52:41","date_gmt":"2025-03-27T14:52:41","guid":{"rendered":"http:\/\/www.reseauclimatjeunesse.org\/?page_id=104"},"modified":"2025-09-30T09:23:27","modified_gmt":"2025-09-30T07:23:27","slug":"nos-objectifs","status":"publish","type":"page","link":"https:\/\/www.reseauclimatjeunesse.org\/index.php\/nos-objectifs\/","title":{"rendered":"Nos objectifs"},"content":{"rendered":"\t\t<div data-elementor-type=\"wp-page\" data-elementor-id=\"104\" class=\"elementor elementor-104\">\n\t\t\t\t<div class=\"elementor-element elementor-element-397085ab e-flex e-con-boxed e-con e-parent\" data-id=\"397085ab\" data-element_type=\"container\">\n\t\t\t\t\t<div class=\"e-con-inner\">\n\t\t\t\t<div class=\"elementor-element elementor-element-5a86650 elementor-widget elementor-widget-heading\" data-id=\"5a86650\" data-element_type=\"widget\" data-widget_type=\"heading.default\">\n\t\t\t\t<div class=\"elementor-widget-container\">\n\t\t\t\t\t<h2 class=\"elementor-heading-title elementor-size-default\">Nos objectifs<\/h2>\t\t\t\t<\/div>\n\t\t\t\t<\/div>\n\t\t\t\t<div class=\"elementor-element elementor-element-f1f8616 elementor-widget elementor-widget-spacer\" data-id=\"f1f8616\" data-element_type=\"widget\" data-widget_type=\"spacer.default\">\n\t\t\t\t<div class=\"elementor-widget-container\">\n\t\t\t\t\t\t\t<div class=\"elementor-spacer\">\n\t\t\t<div class=\"elementor-spacer-inner\"><\/div>\n\t\t<\/div>\n\t\t\t\t\t\t<\/div>\n\t\t\t\t<\/div>\n\t\t\t\t<div class=\"elementor-element elementor-element-44c7e5c3 elementor-widget elementor-widget-text-editor\" data-id=\"44c7e5c3\" data-element_type=\"widget\" data-widget_type=\"text-editor.default\">\n\t\t\t\t<div class=\"elementor-widget-container\">\n\t\t\t\t\t\t\t\t\t<p><strong>Objectif n\u00b01 : <span class=\"a_GcMg font-feature-liga-off font-feature-clig-off font-feature-calt-off text-decoration-none text-strikethrough-none\">Sensibiliser<\/span><span class=\"a_GcMg font-feature-liga-off font-feature-clig-off font-feature-calt-off text-decoration-none text-strikethrough-none\"> la population face aux probl\u00e8mes li\u00e9s au <\/span><span class=\"a_GcMg font-feature-liga-off font-feature-clig-off font-feature-calt-off text-decoration-none text-strikethrough-none\">changement climatique<\/span><\/strong><\/p>\t\t\t\t\t\t\t\t<\/div>\n\t\t\t\t<\/div>\n\t\t\t\t<div class=\"elementor-element elementor-element-36d77cb elementor-widget elementor-widget-image\" data-id=\"36d77cb\" data-element_type=\"widget\" data-widget_type=\"image.default\">\n\t\t\t\t<div class=\"elementor-widget-container\">\n\t\t\t\t\t\t\t\t\t\t\t\t\t\t\t<img fetchpriority=\"high\" decoding=\"async\" width=\"438\" height=\"150\" src=\"https:\/\/www.reseauclimatjeunesse.org\/wp-content\/uploads\/2025\/03\/LairetMoi-Fede-Blanc.jpg\" class=\"attachment-large size-large wp-image-6\" alt=\"\" srcset=\"https:\/\/www.reseauclimatjeunesse.org\/wp-content\/uploads\/2025\/03\/LairetMoi-Fede-Blanc.jpg 438w, https:\/\/www.reseauclimatjeunesse.org\/wp-content\/uploads\/2025\/03\/LairetMoi-Fede-Blanc-300x103.jpg 300w\" sizes=\"(max-width: 438px) 100vw, 438px\" \/>\t\t\t\t\t\t\t\t\t\t\t\t\t\t\t<\/div>\n\t\t\t\t<\/div>\n\t\t\t\t<div class=\"elementor-element elementor-element-cd5587c elementor-widget elementor-widget-text-editor\" data-id=\"cd5587c\" data-element_type=\"widget\" data-widget_type=\"text-editor.default\">\n\t\t\t\t<div class=\"elementor-widget-container\">\n\t\t\t\t\t\t\t\t\t<p><span class=\"a_GcMg font-feature-liga-off font-feature-clig-off font-feature-calt-off text-decoration-none text-strikethrough-none\">Informer et \u00e9duquer les citoyens sur les causes et les cons\u00e9quences du d\u00e9r\u00e8glement climatique, \u00e0 travers les outils de la F\u00e9d\u00e9ration L\u2019Air et Moi, est essentiel pour susciter une prise de conscience collective. Le R\u00e9seau Climat Jeunesse met en avant des initiatives p\u00e9dagogiques, des campagnes de communication et des \u00e9changes avec le grand public afin de rendre ces enjeux concrets et accessibles \u00e0 tous, en particulier aux jeunes g\u00e9n\u00e9rations.<\/span><\/p>\t\t\t\t\t\t\t\t<\/div>\n\t\t\t\t<\/div>\n\t\t\t\t<div class=\"elementor-element elementor-element-e8c7480 elementor-widget elementor-widget-spacer\" data-id=\"e8c7480\" data-element_type=\"widget\" data-widget_type=\"spacer.default\">\n\t\t\t\t<div class=\"elementor-widget-container\">\n\t\t\t\t\t\t\t<div class=\"elementor-spacer\">\n\t\t\t<div class=\"elementor-spacer-inner\"><\/div>\n\t\t<\/div>\n\t\t\t\t\t\t<\/div>\n\t\t\t\t<\/div>\n\t\t\t\t<div class=\"elementor-element elementor-element-ea9162b elementor-widget elementor-widget-text-editor\" data-id=\"ea9162b\" data-element_type=\"widget\" data-widget_type=\"text-editor.default\">\n\t\t\t\t<div class=\"elementor-widget-container\">\n\t\t\t\t\t\t\t\t\t<p><strong><span class=\"a_GcMg font-feature-liga-off font-feature-clig-off font-feature-calt-off text-decoration-none text-strikethrough-none\">Objectif n\u00b02 : Organiser des <\/span><span class=\"a_GcMg font-feature-liga-off font-feature-clig-off font-feature-calt-off text-decoration-none text-strikethrough-none\">actions<\/span><span class=\"a_GcMg font-feature-liga-off font-feature-clig-off font-feature-calt-off text-decoration-none text-strikethrough-none\"> pour le climat dans chaque territoire<\/span><\/strong><\/p>\t\t\t\t\t\t\t\t<\/div>\n\t\t\t\t<\/div>\n\t\t\t\t<div class=\"elementor-element elementor-element-9d49aa5 elementor-widget__width-initial elementor-widget elementor-widget-image\" data-id=\"9d49aa5\" data-element_type=\"widget\" data-widget_type=\"image.default\">\n\t\t\t\t<div class=\"elementor-widget-container\">\n\t\t\t\t\t\t\t\t\t\t\t\t\t\t\t<img decoding=\"async\" width=\"1024\" height=\"924\" src=\"https:\/\/www.reseauclimatjeunesse.org\/wp-content\/uploads\/2025\/09\/Terre-perso-1024x924.png\" class=\"attachment-large size-large wp-image-1266\" alt=\"\" srcset=\"https:\/\/www.reseauclimatjeunesse.org\/wp-content\/uploads\/2025\/09\/Terre-perso-1024x924.png 1024w, https:\/\/www.reseauclimatjeunesse.org\/wp-content\/uploads\/2025\/09\/Terre-perso-300x271.png 300w, https:\/\/www.reseauclimatjeunesse.org\/wp-content\/uploads\/2025\/09\/Terre-perso-768x693.png 768w, https:\/\/www.reseauclimatjeunesse.org\/wp-content\/uploads\/2025\/09\/Terre-perso.png 1448w\" sizes=\"(max-width: 1024px) 100vw, 1024px\" \/>\t\t\t\t\t\t\t\t\t\t\t\t\t\t\t<\/div>\n\t\t\t\t<\/div>\n\t\t\t\t\t<\/div>\n\t\t\t\t<\/div>\n\t\t<div class=\"elementor-element elementor-element-dde2679 e-flex e-con-boxed e-con e-parent\" data-id=\"dde2679\" data-element_type=\"container\">\n\t\t\t\t\t<div class=\"e-con-inner\">\n\t\t\t\t<div class=\"elementor-element elementor-element-8104595 elementor-widget elementor-widget-text-editor\" data-id=\"8104595\" data-element_type=\"widget\" data-widget_type=\"text-editor.default\">\n\t\t\t\t<div class=\"elementor-widget-container\">\n\t\t\t\t\t\t\t\t\t<p><span class=\"a_GcMg font-feature-liga-off font-feature-clig-off font-feature-calt-off text-decoration-none text-strikethrough-none\">Chaque territoire a ses sp\u00e9cificit\u00e9s. Le r\u00e9seau encourage l\u2019organisation d\u2019actions locales \u2013 manifestations, ateliers, mobilisations citoyennes \u2013 adapt\u00e9es aux r\u00e9alit\u00e9s de chaque r\u00e9gion. Ces actions visent \u00e0 f\u00e9d\u00e9rer les habitants autour de solutions concr\u00e8tes et visibles, et \u00e0 montrer que l\u2019engagement climatique peut partir du terrain. Rassemblements et conf\u00e9rences de presse viennent renforcer la visibilit\u00e9 de ces initiatives, en portant les voix des jeunes et en attirant l\u2019attention des m\u00e9dias et d\u00e9cideurs.<\/span><\/p>\t\t\t\t\t\t\t\t<\/div>\n\t\t\t\t<\/div>\n\t\t\t\t<div class=\"elementor-element elementor-element-b7a3d37 elementor-widget elementor-widget-spacer\" data-id=\"b7a3d37\" data-element_type=\"widget\" data-widget_type=\"spacer.default\">\n\t\t\t\t<div class=\"elementor-widget-container\">\n\t\t\t\t\t\t\t<div class=\"elementor-spacer\">\n\t\t\t<div class=\"elementor-spacer-inner\"><\/div>\n\t\t<\/div>\n\t\t\t\t\t\t<\/div>\n\t\t\t\t<\/div>\n\t\t\t\t<div class=\"elementor-element elementor-element-c72a3c1 elementor-widget elementor-widget-text-editor\" data-id=\"c72a3c1\" data-element_type=\"widget\" data-widget_type=\"text-editor.default\">\n\t\t\t\t<div class=\"elementor-widget-container\">\n\t\t\t\t\t\t\t\t\t<p><strong><span class=\"a_GcMg font-feature-liga-off font-feature-clig-off font-feature-calt-off text-decoration-none text-strikethrough-none\">Objectif n\u00b03 :\u00a0<\/span><span class=\"a_GcMg font-feature-liga-off font-feature-clig-off font-feature-calt-off text-decoration-none text-strikethrough-none\">Concevoir les <\/span><span class=\"a_GcMg font-feature-liga-off font-feature-clig-off font-feature-calt-off text-decoration-none text-strikethrough-none\">m\u00e9canismes <\/span><span class=\"a_GcMg font-feature-liga-off font-feature-clig-off font-feature-calt-off text-decoration-none text-strikethrough-none\">de premi\u00e8re n\u00e9cessit\u00e9<\/span><\/strong><\/p>\t\t\t\t\t\t\t\t<\/div>\n\t\t\t\t<\/div>\n\t\t\t\t<div class=\"elementor-element elementor-element-796375b elementor-widget__width-initial elementor-widget elementor-widget-image\" data-id=\"796375b\" data-element_type=\"widget\" data-widget_type=\"image.default\">\n\t\t\t\t<div class=\"elementor-widget-container\">\n\t\t\t\t\t\t\t\t\t\t\t\t\t\t\t<img decoding=\"async\" width=\"409\" height=\"512\" src=\"https:\/\/www.reseauclimatjeunesse.org\/wp-content\/uploads\/2025\/09\/boire.png\" class=\"attachment-large size-large wp-image-1265\" alt=\"\" srcset=\"https:\/\/www.reseauclimatjeunesse.org\/wp-content\/uploads\/2025\/09\/boire.png 409w, https:\/\/www.reseauclimatjeunesse.org\/wp-content\/uploads\/2025\/09\/boire-240x300.png 240w\" sizes=\"(max-width: 409px) 100vw, 409px\" \/>\t\t\t\t\t\t\t\t\t\t\t\t\t\t\t<\/div>\n\t\t\t\t<\/div>\n\t\t\t\t<div class=\"elementor-element elementor-element-276abc9 elementor-widget elementor-widget-text-editor\" data-id=\"276abc9\" data-element_type=\"widget\" data-widget_type=\"text-editor.default\">\n\t\t\t\t<div class=\"elementor-widget-container\">\n\t\t\t\t\t\t\t\t\t<p><span class=\"a_GcMg font-feature-liga-off font-feature-clig-off font-feature-calt-off text-decoration-none text-strikethrough-none\">Face \u00e0 l\u2019urgence climatique, il est n\u00e9cessaire d\u2019anticiper les besoins essentiels des populations : acc\u00e8s \u00e0 l\u2019eau, \u00e0 l\u2019\u00e9nergie, \u00e0 l\u2019alimentation, \u00e0 la sant\u00e9. Le r\u00e9seau souhaite r\u00e9fl\u00e9chir et proposer des solutions concr\u00e8tes pour garantir ces droits fondamentaux dans un contexte de crises r\u00e9p\u00e9t\u00e9es, li\u00e9es au climat.<\/span><\/p>\t\t\t\t\t\t\t\t<\/div>\n\t\t\t\t<\/div>\n\t\t\t\t<div class=\"elementor-element elementor-element-46685a4 elementor-widget elementor-widget-spacer\" data-id=\"46685a4\" data-element_type=\"widget\" data-widget_type=\"spacer.default\">\n\t\t\t\t<div class=\"elementor-widget-container\">\n\t\t\t\t\t\t\t<div class=\"elementor-spacer\">\n\t\t\t<div class=\"elementor-spacer-inner\"><\/div>\n\t\t<\/div>\n\t\t\t\t\t\t<\/div>\n\t\t\t\t<\/div>\n\t\t\t\t<div class=\"elementor-element elementor-element-8d87e56 elementor-widget elementor-widget-text-editor\" data-id=\"8d87e56\" data-element_type=\"widget\" data-widget_type=\"text-editor.default\">\n\t\t\t\t<div class=\"elementor-widget-container\">\n\t\t\t\t\t\t\t\t\t<p><strong><span class=\"a_GcMg font-feature-liga-off font-feature-clig-off font-feature-calt-off text-decoration-none text-strikethrough-none\">Objectif n\u00b04 : <\/span><span class=\"a_GcMg font-feature-liga-off font-feature-clig-off font-feature-calt-off text-decoration-none text-strikethrough-none\">Utiliser le <\/span><span class=\"a_GcMg font-feature-liga-off font-feature-clig-off font-feature-calt-off text-decoration-none text-strikethrough-none\">droit environnemental<\/span><\/strong><\/p>\t\t\t\t\t\t\t\t<\/div>\n\t\t\t\t<\/div>\n\t\t\t\t<div class=\"elementor-element elementor-element-7af7c0e elementor-widget elementor-widget-text-editor\" data-id=\"7af7c0e\" data-element_type=\"widget\" data-widget_type=\"text-editor.default\">\n\t\t\t\t<div class=\"elementor-widget-container\">\n\t\t\t\t\t\t\t\t\t<p><span class=\"a_GcMg font-feature-liga-off font-feature-clig-off font-feature-calt-off text-decoration-none text-strikethrough-none\">Le droit est un outil puissant pour prot\u00e9ger la plan\u00e8te. Le R\u00e9seau Climat Jeunesse entend former et informer ses membres sur les m\u00e9canismes juridiques existants et d\u00e9velopper des recours collectifs pour exiger le respect des engagements climatiques, la protection de l\u2019environnement et la justice climatique.<\/span><\/p>\t\t\t\t\t\t\t\t<\/div>\n\t\t\t\t<\/div>\n\t\t\t\t<div class=\"elementor-element elementor-element-5d80f43 elementor-widget elementor-widget-spacer\" data-id=\"5d80f43\" data-element_type=\"widget\" data-widget_type=\"spacer.default\">\n\t\t\t\t<div class=\"elementor-widget-container\">\n\t\t\t\t\t\t\t<div class=\"elementor-spacer\">\n\t\t\t<div class=\"elementor-spacer-inner\"><\/div>\n\t\t<\/div>\n\t\t\t\t\t\t<\/div>\n\t\t\t\t<\/div>\n\t\t\t\t<div class=\"elementor-element elementor-element-241d706 elementor-widget elementor-widget-text-editor\" data-id=\"241d706\" data-element_type=\"widget\" data-widget_type=\"text-editor.default\">\n\t\t\t\t<div class=\"elementor-widget-container\">\n\t\t\t\t\t\t\t\t\t<p><strong><span class=\"a_GcMg font-feature-liga-off font-feature-clig-off font-feature-calt-off text-decoration-none text-strikethrough-none\">Objectif n\u00b05 : <\/span><span class=\"a_GcMg font-feature-liga-off font-feature-clig-off font-feature-calt-off text-decoration-none text-strikethrough-none\">D\u00e9velopper la <\/span><span class=\"a_GcMg font-feature-liga-off font-feature-clig-off font-feature-calt-off text-decoration-none text-strikethrough-none\">r\u00e9silience communautaire<\/span><\/strong><\/p>\t\t\t\t\t\t\t\t<\/div>\n\t\t\t\t<\/div>\n\t\t\t\t<div class=\"elementor-element elementor-element-c87f284 elementor-widget elementor-widget-text-editor\" data-id=\"c87f284\" data-element_type=\"widget\" data-widget_type=\"text-editor.default\">\n\t\t\t\t<div class=\"elementor-widget-container\">\n\t\t\t\t\t\t\t\t\t<p class=\"cvGsUA direction-ltr align-justify para-style-body\"><span class=\"a_GcMg font-feature-liga-off font-feature-clig-off font-feature-calt-off text-decoration-none text-strikethrough-none\">Le changement climatique impacte directement les communaut\u00e9s locales. Le r\u00e9seau met l\u2019accent sur la solidarit\u00e9 et la coop\u00e9ration entre habitants afin de renforcer leur capacit\u00e9 \u00e0 r\u00e9sister aux crises : adaptation des pratiques agricoles, partage des ressources, entraide en cas de catastrophes naturelles.<\/span><\/p>\t\t\t\t\t\t\t\t<\/div>\n\t\t\t\t<\/div>\n\t\t\t\t<div class=\"elementor-element elementor-element-cad36ab elementor-widget elementor-widget-spacer\" data-id=\"cad36ab\" data-element_type=\"widget\" data-widget_type=\"spacer.default\">\n\t\t\t\t<div class=\"elementor-widget-container\">\n\t\t\t\t\t\t\t<div class=\"elementor-spacer\">\n\t\t\t<div class=\"elementor-spacer-inner\"><\/div>\n\t\t<\/div>\n\t\t\t\t\t\t<\/div>\n\t\t\t\t<\/div>\n\t\t\t\t<div class=\"elementor-element elementor-element-131307c elementor-widget elementor-widget-text-editor\" data-id=\"131307c\" data-element_type=\"widget\" data-widget_type=\"text-editor.default\">\n\t\t\t\t<div class=\"elementor-widget-container\">\n\t\t\t\t\t\t\t\t\t<p><strong><span class=\"a_GcMg font-feature-liga-off font-feature-clig-off font-feature-calt-off text-decoration-none text-strikethrough-none\">Objectif n\u00b06 : <\/span><span class=\"a_GcMg font-feature-liga-off font-feature-clig-off font-feature-calt-off text-decoration-none text-strikethrough-none\">D\u00e9velopper un <\/span><span class=\"a_GcMg font-feature-liga-off font-feature-clig-off font-feature-calt-off text-decoration-none text-strikethrough-none\">r\u00e9seau mondial<\/span><span class=\"a_GcMg font-feature-liga-off font-feature-clig-off font-feature-calt-off text-decoration-none text-strikethrough-none\"> avec des repr\u00e9sentants de chaque pays<\/span><\/strong><\/p>\t\t\t\t\t\t\t\t<\/div>\n\t\t\t\t<\/div>\n\t\t\t\t<div class=\"elementor-element elementor-element-ae04024 elementor-widget__width-initial elementor-widget elementor-widget-image\" data-id=\"ae04024\" data-element_type=\"widget\" data-widget_type=\"image.default\">\n\t\t\t\t<div class=\"elementor-widget-container\">\n\t\t\t\t\t\t\t\t\t\t\t\t\t\t\t<img loading=\"lazy\" decoding=\"async\" width=\"1024\" height=\"979\" src=\"https:\/\/www.reseauclimatjeunesse.org\/wp-content\/uploads\/2025\/07\/cropped-Logo-climat-jeunesse-Vperso-AEM-1024x979.png\" class=\"attachment-large size-large wp-image-974\" alt=\"\" srcset=\"https:\/\/www.reseauclimatjeunesse.org\/wp-content\/uploads\/2025\/07\/cropped-Logo-climat-jeunesse-Vperso-AEM-1024x979.png 1024w, https:\/\/www.reseauclimatjeunesse.org\/wp-content\/uploads\/2025\/07\/cropped-Logo-climat-jeunesse-Vperso-AEM-300x287.png 300w, https:\/\/www.reseauclimatjeunesse.org\/wp-content\/uploads\/2025\/07\/cropped-Logo-climat-jeunesse-Vperso-AEM-768x734.png 768w, https:\/\/www.reseauclimatjeunesse.org\/wp-content\/uploads\/2025\/07\/cropped-Logo-climat-jeunesse-Vperso-AEM.png 1089w\" sizes=\"(max-width: 1024px) 100vw, 1024px\" \/>\t\t\t\t\t\t\t\t\t\t\t\t\t\t\t<\/div>\n\t\t\t\t<\/div>\n\t\t\t\t<div class=\"elementor-element elementor-element-c8f9238 elementor-widget elementor-widget-text-editor\" data-id=\"c8f9238\" data-element_type=\"widget\" data-widget_type=\"text-editor.default\">\n\t\t\t\t<div class=\"elementor-widget-container\">\n\t\t\t\t\t\t\t\t\t<p class=\"cvGsUA direction-ltr align-justify para-style-body\"><span class=\"a_GcMg font-feature-liga-off font-feature-clig-off font-feature-calt-off text-decoration-none text-strikethrough-none\">Parce que le climat est un enjeu global, le R\u00e9seau Climat Jeunesse se structure comme un mouvement international, o\u00f9 chaque pays est repr\u00e9sent\u00e9. Cela permet de partager des exp\u00e9riences, des solutions et des strat\u00e9gies adapt\u00e9es \u00e0 chaque contexte, tout en construisant une voix commune forte et l\u00e9gitime face aux institutions internationales.<\/span><\/p>\t\t\t\t\t\t\t\t<\/div>\n\t\t\t\t<\/div>\n\t\t\t\t<div class=\"elementor-element elementor-element-e19df88 elementor-widget elementor-widget-spacer\" data-id=\"e19df88\" data-element_type=\"widget\" data-widget_type=\"spacer.default\">\n\t\t\t\t<div class=\"elementor-widget-container\">\n\t\t\t\t\t\t\t<div class=\"elementor-spacer\">\n\t\t\t<div class=\"elementor-spacer-inner\"><\/div>\n\t\t<\/div>\n\t\t\t\t\t\t<\/div>\n\t\t\t\t<\/div>\n\t\t\t\t<div class=\"elementor-element elementor-element-e912ad9 elementor-widget elementor-widget-text-editor\" data-id=\"e912ad9\" data-element_type=\"widget\" data-widget_type=\"text-editor.default\">\n\t\t\t\t<div class=\"elementor-widget-container\">\n\t\t\t\t\t\t\t\t\t<p><strong><span class=\"a_GcMg font-feature-liga-off font-feature-clig-off font-feature-calt-off text-decoration-none text-strikethrough-none\">Objectif n\u00b07 : <\/span><span class=\"a_GcMg font-feature-liga-off font-feature-clig-off font-feature-calt-off text-decoration-none text-strikethrough-none\">Pr\u00e9parer l\u2019<\/span><span class=\"a_GcMg font-feature-liga-off font-feature-clig-off font-feature-calt-off text-decoration-none text-strikethrough-none\">avenir<\/span><span class=\"a_GcMg font-feature-liga-off font-feature-clig-off font-feature-calt-off text-decoration-none text-strikethrough-none\"> et agir ensemble<\/span> <\/strong><\/p>\t\t\t\t\t\t\t\t<\/div>\n\t\t\t\t<\/div>\n\t\t\t\t<div class=\"elementor-element elementor-element-864ac4a elementor-widget elementor-widget-text-editor\" data-id=\"864ac4a\" data-element_type=\"widget\" data-widget_type=\"text-editor.default\">\n\t\t\t\t<div class=\"elementor-widget-container\">\n\t\t\t\t\t\t\t\t\t<p class=\"cvGsUA direction-ltr align-justify para-style-body\"><span class=\"a_GcMg font-feature-liga-off font-feature-clig-off font-feature-calt-off text-decoration-none text-strikethrough-none\">Le r\u00e9seau n\u2019a pas seulement vocation \u00e0 r\u00e9agir aux crises, mais \u00e0 imaginer un futur durable et solidaire. Les jeunes sont porteurs d\u2019innovations, de cr\u00e9ativit\u00e9 et d\u2019\u00e9nergie. En agissant ensemble, en mutualisant les exp\u00e9riences et en portant des projets communs, ils peuvent contribuer \u00e0 construire un avenir plus juste, respectueux de l\u2019environnement et des g\u00e9n\u00e9rations futures.<\/span><\/p>\t\t\t\t\t\t\t\t<\/div>\n\t\t\t\t<\/div>\n\t\t\t\t\t<\/div>\n\t\t\t\t<\/div>\n\t\t\t\t<\/div>\n\t\t","protected":false},"excerpt":{"rendered":"<p>Nos objectifs Objectif n\u00b01 : Sensibiliser la population face aux probl\u00e8mes li\u00e9s au changement climatique Informer et \u00e9duquer les citoyens sur les causes et les cons\u00e9quences du d\u00e9r\u00e8glement climatique, \u00e0 travers les outils de la F\u00e9d\u00e9ration L\u2019Air et Moi, est essentiel pour susciter une prise de conscience collective. Le R\u00e9seau Climat Jeunesse met en avant [&hellip;]<\/p>\n","protected":false},"author":1,"featured_media":0,"parent":0,"menu_order":0,"comment_status":"closed","ping_status":"closed","template":"","meta":{"ocean_post_layout":"","ocean_both_sidebars_style":"","ocean_both_sidebars_content_width":0,"ocean_both_sidebars_sidebars_width":0,"ocean_sidebar":"","ocean_second_sidebar":"","ocean_disable_margins":"enable","ocean_add_body_class":"","ocean_shortcode_before_top_bar":"","ocean_shortcode_after_top_bar":"","ocean_shortcode_before_header":"","ocean_shortcode_after_header":"","ocean_has_shortcode":"","ocean_shortcode_after_title":"","ocean_shortcode_before_footer_widgets":"","ocean_shortcode_after_footer_widgets":"","ocean_shortcode_before_footer_bottom":"","ocean_shortcode_after_footer_bottom":"","ocean_display_top_bar":"default","ocean_display_header":"default","ocean_header_style":"","ocean_center_header_left_menu":"","ocean_custom_header_template":"","ocean_custom_logo":0,"ocean_custom_retina_logo":0,"ocean_custom_logo_max_width":0,"ocean_custom_logo_tablet_max_width":0,"ocean_custom_logo_mobile_max_width":0,"ocean_custom_logo_max_height":0,"ocean_custom_logo_tablet_max_height":0,"ocean_custom_logo_mobile_max_height":0,"ocean_header_custom_menu":"","ocean_menu_typo_font_family":"","ocean_menu_typo_font_subset":"","ocean_menu_typo_font_size":0,"ocean_menu_typo_font_size_tablet":0,"ocean_menu_typo_font_size_mobile":0,"ocean_menu_typo_font_size_unit":"px","ocean_menu_typo_font_weight":"","ocean_menu_typo_font_weight_tablet":"","ocean_menu_typo_font_weight_mobile":"","ocean_menu_typo_transform":"","ocean_menu_typo_transform_tablet":"","ocean_menu_typo_transform_mobile":"","ocean_menu_typo_line_height":0,"ocean_menu_typo_line_height_tablet":0,"ocean_menu_typo_line_height_mobile":0,"ocean_menu_typo_line_height_unit":"","ocean_menu_typo_spacing":0,"ocean_menu_typo_spacing_tablet":0,"ocean_menu_typo_spacing_mobile":0,"ocean_menu_typo_spacing_unit":"","ocean_menu_link_color":"","ocean_menu_link_color_hover":"","ocean_menu_link_color_active":"","ocean_menu_link_background":"","ocean_menu_link_hover_background":"","ocean_menu_link_active_background":"","ocean_menu_social_links_bg":"","ocean_menu_social_hover_links_bg":"","ocean_menu_social_links_color":"","ocean_menu_social_hover_links_color":"","ocean_disable_title":"default","ocean_disable_heading":"default","ocean_post_title":"","ocean_post_subheading":"","ocean_post_title_style":"","ocean_post_title_background_color":"","ocean_post_title_background":0,"ocean_post_title_bg_image_position":"","ocean_post_title_bg_image_attachment":"","ocean_post_title_bg_image_repeat":"","ocean_post_title_bg_image_size":"","ocean_post_title_height":0,"ocean_post_title_bg_overlay":0.5,"ocean_post_title_bg_overlay_color":"","ocean_disable_breadcrumbs":"default","ocean_breadcrumbs_color":"","ocean_breadcrumbs_separator_color":"","ocean_breadcrumbs_links_color":"","ocean_breadcrumbs_links_hover_color":"","ocean_display_footer_widgets":"default","ocean_display_footer_bottom":"default","ocean_custom_footer_template":"","footnotes":""},"class_list":["post-104","page","type-page","status-publish","hentry","entry"],"yoast_head":"<!-- This site is optimized with the Yoast SEO plugin v25.6 - https:\/\/yoast.com\/wordpress\/plugins\/seo\/ -->\n<title>Nos objectifs - R\u00e9seau Climat Jeunesse<\/title>\n<meta name=\"robots\" content=\"index, follow, max-snippet:-1, max-image-preview:large, max-video-preview:-1\" \/>\n<link rel=\"canonical\" href=\"https:\/\/www.reseauclimatjeunesse.org\/index.php\/nos-objectifs\/\" \/>\n<meta property=\"og:locale\" content=\"fr_FR\" \/>\n<meta property=\"og:type\" content=\"article\" \/>\n<meta property=\"og:title\" content=\"Nos objectifs - R\u00e9seau Climat Jeunesse\" \/>\n<meta property=\"og:description\" content=\"Nos objectifs Objectif n\u00b01 : Sensibiliser la population face aux probl\u00e8mes li\u00e9s au changement climatique Informer et \u00e9duquer les citoyens sur les causes et les cons\u00e9quences du d\u00e9r\u00e8glement climatique, \u00e0 travers les outils de la F\u00e9d\u00e9ration L\u2019Air et Moi, est essentiel pour susciter une prise de conscience collective. Le R\u00e9seau Climat Jeunesse met en avant [&hellip;]\" \/>\n<meta property=\"og:url\" content=\"https:\/\/www.reseauclimatjeunesse.org\/index.php\/nos-objectifs\/\" \/>\n<meta property=\"og:site_name\" content=\"R\u00e9seau Climat Jeunesse\" \/>\n<meta property=\"article:modified_time\" content=\"2025-09-30T07:23:27+00:00\" \/>\n<meta property=\"og:image\" content=\"https:\/\/www.reseauclimatjeunesse.org\/wp-content\/uploads\/2025\/03\/LairetMoi-Fede-Blanc.jpg\" \/>\n\t<meta property=\"og:image:width\" content=\"438\" \/>\n\t<meta property=\"og:image:height\" content=\"150\" \/>\n\t<meta property=\"og:image:type\" content=\"image\/jpeg\" \/>\n<meta name=\"twitter:card\" content=\"summary_large_image\" \/>\n<meta name=\"twitter:label1\" content=\"Dur\u00e9e de lecture estim\u00e9e\" \/>\n\t<meta name=\"twitter:data1\" content=\"4 minutes\" \/>\n<script type=\"application\/ld+json\" class=\"yoast-schema-graph\">{\"@context\":\"https:\/\/schema.org\",\"@graph\":[{\"@type\":\"WebPage\",\"@id\":\"https:\/\/www.reseauclimatjeunesse.org\/index.php\/nos-objectifs\/\",\"url\":\"https:\/\/www.reseauclimatjeunesse.org\/index.php\/nos-objectifs\/\",\"name\":\"Nos objectifs - R\u00e9seau Climat Jeunesse\",\"isPartOf\":{\"@id\":\"https:\/\/www.reseauclimatjeunesse.org\/#website\"},\"primaryImageOfPage\":{\"@id\":\"https:\/\/www.reseauclimatjeunesse.org\/index.php\/nos-objectifs\/#primaryimage\"},\"image\":{\"@id\":\"https:\/\/www.reseauclimatjeunesse.org\/index.php\/nos-objectifs\/#primaryimage\"},\"thumbnailUrl\":\"https:\/\/www.reseauclimatjeunesse.org\/wp-content\/uploads\/2025\/03\/LairetMoi-Fede-Blanc.jpg\",\"datePublished\":\"2025-03-27T14:52:41+00:00\",\"dateModified\":\"2025-09-30T07:23:27+00:00\",\"breadcrumb\":{\"@id\":\"https:\/\/www.reseauclimatjeunesse.org\/index.php\/nos-objectifs\/#breadcrumb\"},\"inLanguage\":\"fr-FR\",\"potentialAction\":[{\"@type\":\"ReadAction\",\"target\":[\"https:\/\/www.reseauclimatjeunesse.org\/index.php\/nos-objectifs\/\"]}]},{\"@type\":\"ImageObject\",\"inLanguage\":\"fr-FR\",\"@id\":\"https:\/\/www.reseauclimatjeunesse.org\/index.php\/nos-objectifs\/#primaryimage\",\"url\":\"https:\/\/www.reseauclimatjeunesse.org\/wp-content\/uploads\/2025\/03\/LairetMoi-Fede-Blanc.jpg\",\"contentUrl\":\"https:\/\/www.reseauclimatjeunesse.org\/wp-content\/uploads\/2025\/03\/LairetMoi-Fede-Blanc.jpg\",\"width\":438,\"height\":150},{\"@type\":\"BreadcrumbList\",\"@id\":\"https:\/\/www.reseauclimatjeunesse.org\/index.php\/nos-objectifs\/#breadcrumb\",\"itemListElement\":[{\"@type\":\"ListItem\",\"position\":1,\"name\":\"Accueil\",\"item\":\"https:\/\/www.reseauclimatjeunesse.org\/\"},{\"@type\":\"ListItem\",\"position\":2,\"name\":\"Nos objectifs\"}]},{\"@type\":\"WebSite\",\"@id\":\"https:\/\/www.reseauclimatjeunesse.org\/#website\",\"url\":\"https:\/\/www.reseauclimatjeunesse.org\/\",\"name\":\"R\u00e9seau Climat Jeunesse\",\"description\":\"RCJ FAEM\",\"publisher\":{\"@id\":\"https:\/\/www.reseauclimatjeunesse.org\/#organization\"},\"potentialAction\":[{\"@type\":\"SearchAction\",\"target\":{\"@type\":\"EntryPoint\",\"urlTemplate\":\"https:\/\/www.reseauclimatjeunesse.org\/?s={search_term_string}\"},\"query-input\":{\"@type\":\"PropertyValueSpecification\",\"valueRequired\":true,\"valueName\":\"search_term_string\"}}],\"inLanguage\":\"fr-FR\"},{\"@type\":\"Organization\",\"@id\":\"https:\/\/www.reseauclimatjeunesse.org\/#organization\",\"name\":\"R\u00e9seau Climat Jeunesse\",\"url\":\"https:\/\/www.reseauclimatjeunesse.org\/\",\"logo\":{\"@type\":\"ImageObject\",\"inLanguage\":\"fr-FR\",\"@id\":\"https:\/\/www.reseauclimatjeunesse.org\/#\/schema\/logo\/image\/\",\"url\":\"https:\/\/www.reseauclimatjeunesse.org\/wp-content\/uploads\/2025\/07\/cropped-Logo-climat-jeunesse-Vperso-AEM.png\",\"contentUrl\":\"https:\/\/www.reseauclimatjeunesse.org\/wp-content\/uploads\/2025\/07\/cropped-Logo-climat-jeunesse-Vperso-AEM.png\",\"width\":1089,\"height\":1041,\"caption\":\"R\u00e9seau Climat Jeunesse\"},\"image\":{\"@id\":\"https:\/\/www.reseauclimatjeunesse.org\/#\/schema\/logo\/image\/\"}}]}<\/script>\n<!-- \/ Yoast SEO plugin. -->","yoast_head_json":{"title":"Nos objectifs - R\u00e9seau Climat Jeunesse","robots":{"index":"index","follow":"follow","max-snippet":"max-snippet:-1","max-image-preview":"max-image-preview:large","max-video-preview":"max-video-preview:-1"},"canonical":"https:\/\/www.reseauclimatjeunesse.org\/index.php\/nos-objectifs\/","og_locale":"fr_FR","og_type":"article","og_title":"Nos objectifs - R\u00e9seau Climat Jeunesse","og_description":"Nos objectifs Objectif n\u00b01 : Sensibiliser la population face aux probl\u00e8mes li\u00e9s au changement climatique Informer et \u00e9duquer les citoyens sur les causes et les cons\u00e9quences du d\u00e9r\u00e8glement climatique, \u00e0 travers les outils de la F\u00e9d\u00e9ration L\u2019Air et Moi, est essentiel pour susciter une prise de conscience collective. Le R\u00e9seau Climat Jeunesse met en avant [&hellip;]","og_url":"https:\/\/www.reseauclimatjeunesse.org\/index.php\/nos-objectifs\/","og_site_name":"R\u00e9seau Climat Jeunesse","article_modified_time":"2025-09-30T07:23:27+00:00","og_image":[{"width":438,"height":150,"url":"https:\/\/www.reseauclimatjeunesse.org\/wp-content\/uploads\/2025\/03\/LairetMoi-Fede-Blanc.jpg","type":"image\/jpeg"}],"twitter_card":"summary_large_image","twitter_misc":{"Dur\u00e9e de lecture estim\u00e9e":"4 minutes"},"schema":{"@context":"https:\/\/schema.org","@graph":[{"@type":"WebPage","@id":"https:\/\/www.reseauclimatjeunesse.org\/index.php\/nos-objectifs\/","url":"https:\/\/www.reseauclimatjeunesse.org\/index.php\/nos-objectifs\/","name":"Nos objectifs - R\u00e9seau Climat Jeunesse","isPartOf":{"@id":"https:\/\/www.reseauclimatjeunesse.org\/#website"},"primaryImageOfPage":{"@id":"https:\/\/www.reseauclimatjeunesse.org\/index.php\/nos-objectifs\/#primaryimage"},"image":{"@id":"https:\/\/www.reseauclimatjeunesse.org\/index.php\/nos-objectifs\/#primaryimage"},"thumbnailUrl":"https:\/\/www.reseauclimatjeunesse.org\/wp-content\/uploads\/2025\/03\/LairetMoi-Fede-Blanc.jpg","datePublished":"2025-03-27T14:52:41+00:00","dateModified":"2025-09-30T07:23:27+00:00","breadcrumb":{"@id":"https:\/\/www.reseauclimatjeunesse.org\/index.php\/nos-objectifs\/#breadcrumb"},"inLanguage":"fr-FR","potentialAction":[{"@type":"ReadAction","target":["https:\/\/www.reseauclimatjeunesse.org\/index.php\/nos-objectifs\/"]}]},{"@type":"ImageObject","inLanguage":"fr-FR","@id":"https:\/\/www.reseauclimatjeunesse.org\/index.php\/nos-objectifs\/#primaryimage","url":"https:\/\/www.reseauclimatjeunesse.org\/wp-content\/uploads\/2025\/03\/LairetMoi-Fede-Blanc.jpg","contentUrl":"https:\/\/www.reseauclimatjeunesse.org\/wp-content\/uploads\/2025\/03\/LairetMoi-Fede-Blanc.jpg","width":438,"height":150},{"@type":"BreadcrumbList","@id":"https:\/\/www.reseauclimatjeunesse.org\/index.php\/nos-objectifs\/#breadcrumb","itemListElement":[{"@type":"ListItem","position":1,"name":"Accueil","item":"https:\/\/www.reseauclimatjeunesse.org\/"},{"@type":"ListItem","position":2,"name":"Nos objectifs"}]},{"@type":"WebSite","@id":"https:\/\/www.reseauclimatjeunesse.org\/#website","url":"https:\/\/www.reseauclimatjeunesse.org\/","name":"R\u00e9seau Climat Jeunesse","description":"RCJ FAEM","publisher":{"@id":"https:\/\/www.reseauclimatjeunesse.org\/#organization"},"potentialAction":[{"@type":"SearchAction","target":{"@type":"EntryPoint","urlTemplate":"https:\/\/www.reseauclimatjeunesse.org\/?s={search_term_string}"},"query-input":{"@type":"PropertyValueSpecification","valueRequired":true,"valueName":"search_term_string"}}],"inLanguage":"fr-FR"},{"@type":"Organization","@id":"https:\/\/www.reseauclimatjeunesse.org\/#organization","name":"R\u00e9seau Climat Jeunesse","url":"https:\/\/www.reseauclimatjeunesse.org\/","logo":{"@type":"ImageObject","inLanguage":"fr-FR","@id":"https:\/\/www.reseauclimatjeunesse.org\/#\/schema\/logo\/image\/","url":"https:\/\/www.reseauclimatjeunesse.org\/wp-content\/uploads\/2025\/07\/cropped-Logo-climat-jeunesse-Vperso-AEM.png","contentUrl":"https:\/\/www.reseauclimatjeunesse.org\/wp-content\/uploads\/2025\/07\/cropped-Logo-climat-jeunesse-Vperso-AEM.png","width":1089,"height":1041,"caption":"R\u00e9seau Climat Jeunesse"},"image":{"@id":"https:\/\/www.reseauclimatjeunesse.org\/#\/schema\/logo\/image\/"}}]}},"_links":{"self":[{"href":"https:\/\/www.reseauclimatjeunesse.org\/index.php\/wp-json\/wp\/v2\/pages\/104","targetHints":{"allow":["GET"]}}],"collection":[{"href":"https:\/\/www.reseauclimatjeunesse.org\/index.php\/wp-json\/wp\/v2\/pages"}],"about":[{"href":"https:\/\/www.reseauclimatjeunesse.org\/index.php\/wp-json\/wp\/v2\/types\/page"}],"author":[{"embeddable":true,"href":"https:\/\/www.reseauclimatjeunesse.org\/index.php\/wp-json\/wp\/v2\/users\/1"}],"replies":[{"embeddable":true,"href":"https:\/\/www.reseauclimatjeunesse.org\/index.php\/wp-json\/wp\/v2\/comments?post=104"}],"version-history":[{"count":12,"href":"https:\/\/www.reseauclimatjeunesse.org\/index.php\/wp-json\/wp\/v2\/pages\/104\/revisions"}],"predecessor-version":[{"id":1302,"href":"https:\/\/www.reseauclimatjeunesse.org\/index.php\/wp-json\/wp\/v2\/pages\/104\/revisions\/1302"}],"wp:attachment":[{"href":"https:\/\/www.reseauclimatjeunesse.org\/index.php\/wp-json\/wp\/v2\/media?parent=104"}],"curies":[{"name":"wp","href":"https:\/\/api.w.org\/{rel}","templated":true}]}}