{"id":20,"date":"2025-03-26T20:23:40","date_gmt":"2025-03-26T19:23:40","guid":{"rendered":"http:\/\/www.reseauclimatjeunesse.org\/?page_id=20"},"modified":"2025-06-10T15:21:46","modified_gmt":"2025-06-10T13:21:46","slug":"qui-sommes-nous","status":"publish","type":"page","link":"https:\/\/www.reseauclimatjeunesse.org\/index.php\/qui-sommes-nous\/","title":{"rendered":"Qui sommes-nous ?"},"content":{"rendered":"\t\t<div data-elementor-type=\"wp-page\" data-elementor-id=\"20\" class=\"elementor elementor-20\">\n\t\t\t\t<div class=\"elementor-element elementor-element-9e808d9 e-flex e-con-boxed e-con e-parent\" data-id=\"9e808d9\" data-element_type=\"container\">\n\t\t\t\t\t<div class=\"e-con-inner\">\n\t\t\t\t<div class=\"elementor-element elementor-element-70a9be1 elementor-widget elementor-widget-spacer\" data-id=\"70a9be1\" data-element_type=\"widget\" data-widget_type=\"spacer.default\">\n\t\t\t\t<div class=\"elementor-widget-container\">\n\t\t\t\t\t\t\t<div class=\"elementor-spacer\">\n\t\t\t<div class=\"elementor-spacer-inner\"><\/div>\n\t\t<\/div>\n\t\t\t\t\t\t<\/div>\n\t\t\t\t<\/div>\n\t\t\t\t\t<\/div>\n\t\t\t\t<\/div>\n\t\t<div class=\"elementor-element elementor-element-dbce157 e-flex e-con-boxed e-con e-parent\" data-id=\"dbce157\" data-element_type=\"container\">\n\t\t\t\t\t<div class=\"e-con-inner\">\n\t\t\t\t<div class=\"elementor-element elementor-element-8549b7a elementor-widget elementor-widget-heading\" data-id=\"8549b7a\" data-element_type=\"widget\" data-widget_type=\"heading.default\">\n\t\t\t\t<div class=\"elementor-widget-container\">\n\t\t\t\t\t<h2 class=\"elementor-heading-title elementor-size-default\">Qui sommes nous ? - Cr\u00e9ation du r\u00e9seau<\/h2>\t\t\t\t<\/div>\n\t\t\t\t<\/div>\n\t\t\t\t\t<\/div>\n\t\t\t\t<\/div>\n\t\t<div class=\"elementor-element elementor-element-b3957f6 e-flex e-con-boxed e-con e-parent\" data-id=\"b3957f6\" data-element_type=\"container\">\n\t\t\t\t\t<div class=\"e-con-inner\">\n\t\t\t\t<div class=\"elementor-element elementor-element-70737eb elementor-widget elementor-widget-text-editor\" data-id=\"70737eb\" data-element_type=\"widget\" data-widget_type=\"text-editor.default\">\n\t\t\t\t<div class=\"elementor-widget-container\">\n\t\t\t\t\t\t\t\t\t<p>Notre collectif a pris naissance lors de la <strong>COP28<\/strong>, o\u00f9 nous avons eu le privil\u00e8ge de rencontrer plusieurs jeunes engag\u00e9s dans la cause climatique, notamment venant de pays africains.<\/p>\n<!-- \/wp:paragraph --><!-- wp:paragraph {\"placeholder\":\"Contenu\u2026\"} -->\n<p>L&rsquo;\u00e9nergie d\u00e9ploy\u00e9e par ces jeunes dans la lutte contre le changement climatique nous a donn\u00e9 l\u2019id\u00e9e de cr\u00e9er un espace d\u00e9di\u00e9 au partage et \u00e0 la proposition d&rsquo;actions climatiques.<\/p>\n<!-- \/wp:paragraph --><!-- wp:paragraph -->\n<p>C&rsquo;est ainsi qu&rsquo;est n\u00e9 le \u00ab\u00a0<strong>R\u00e9seau Climat Jeunesse <\/strong>\u00bb, qui se r\u00e9unit chaque mois via Zoom, depuis le 28 d\u00e9cembre 2023.<\/p>\n<!-- \/wp:paragraph --><!-- wp:paragraph -->\n<p>Le \u00ab\u00a0<strong>R\u00e9seau Climat Jeunesse <\/strong>\u00bb, soutenu par la F\u00e9d\u00e9ration l\u2019Air et Moi, dirig\u00e9e par son fondateur Victor Hugo Espinosa, et coordonn\u00e9e par Marcia Roudier, aspire \u00e0 <strong>encourager les \u00e9changes sur les actions entreprises par les jeunes de chaque pays.<\/strong><\/p>\n<!-- \/wp:paragraph --><!-- wp:paragraph -->\n<p>Notre objectif est de partager nos savoir-faire et supports respectifs pour <strong>contribuer \u00e0 une soci\u00e9t\u00e9 plus \u00e9quitable et relever les grands d\u00e9fis environnementaux de demain<\/strong><\/p>\n<!-- \/wp:paragraph -->\n<p><!-- \/wp:media-text --><!-- wp:paragraph --><\/p>\t\t\t\t\t\t\t\t<\/div>\n\t\t\t\t<\/div>\n\t\t\t\t<div class=\"elementor-element elementor-element-0484ba0 elementor-widget elementor-widget-spacer\" data-id=\"0484ba0\" data-element_type=\"widget\" data-widget_type=\"spacer.default\">\n\t\t\t\t<div class=\"elementor-widget-container\">\n\t\t\t\t\t\t\t<div class=\"elementor-spacer\">\n\t\t\t<div class=\"elementor-spacer-inner\"><\/div>\n\t\t<\/div>\n\t\t\t\t\t\t<\/div>\n\t\t\t\t<\/div>\n\t\t\t\t\t<\/div>\n\t\t\t\t<\/div>\n\t\t<div class=\"elementor-element elementor-element-ccece4a e-flex e-con-boxed e-con e-parent\" data-id=\"ccece4a\" data-element_type=\"container\">\n\t\t\t\t\t<div class=\"e-con-inner\">\n\t\t<div class=\"elementor-element elementor-element-3a063a5 e-con-full e-flex e-con e-child\" data-id=\"3a063a5\" data-element_type=\"container\">\n\t\t<div class=\"elementor-element elementor-element-ffe9c0a e-con-full e-flex e-con e-child\" data-id=\"ffe9c0a\" data-element_type=\"container\">\n\t\t\t\t<div class=\"elementor-element elementor-element-a1b6d61 elementor-widget elementor-widget-spacer\" data-id=\"a1b6d61\" data-element_type=\"widget\" data-widget_type=\"spacer.default\">\n\t\t\t\t<div class=\"elementor-widget-container\">\n\t\t\t\t\t\t\t<div class=\"elementor-spacer\">\n\t\t\t<div class=\"elementor-spacer-inner\"><\/div>\n\t\t<\/div>\n\t\t\t\t\t\t<\/div>\n\t\t\t\t<\/div>\n\t\t\t\t<\/div>\n\t\t\t\t<div class=\"elementor-element elementor-element-eedbe4d elementor-widget elementor-widget-image\" data-id=\"eedbe4d\" data-element_type=\"widget\" data-widget_type=\"image.default\">\n\t\t\t\t<div class=\"elementor-widget-container\">\n\t\t\t\t\t\t\t\t\t\t\t\t\t\t\t<img fetchpriority=\"high\" decoding=\"async\" width=\"1024\" height=\"768\" src=\"https:\/\/www.reseauclimatjeunesse.org\/wp-content\/uploads\/2025\/06\/Vh20231202-Cop28-26-1024x768.jpg\" class=\"attachment-large size-large wp-image-577\" alt=\"\" srcset=\"https:\/\/www.reseauclimatjeunesse.org\/wp-content\/uploads\/2025\/06\/Vh20231202-Cop28-26-1024x768.jpg 1024w, https:\/\/www.reseauclimatjeunesse.org\/wp-content\/uploads\/2025\/06\/Vh20231202-Cop28-26-300x225.jpg 300w, https:\/\/www.reseauclimatjeunesse.org\/wp-content\/uploads\/2025\/06\/Vh20231202-Cop28-26-768x576.jpg 768w, https:\/\/www.reseauclimatjeunesse.org\/wp-content\/uploads\/2025\/06\/Vh20231202-Cop28-26-1536x1152.jpg 1536w, https:\/\/www.reseauclimatjeunesse.org\/wp-content\/uploads\/2025\/06\/Vh20231202-Cop28-26-2048x1536.jpg 2048w\" sizes=\"(max-width: 1024px) 100vw, 1024px\" \/>\t\t\t\t\t\t\t\t\t\t\t\t\t\t\t<\/div>\n\t\t\t\t<\/div>\n\t\t\t\t<div class=\"elementor-element elementor-element-fa8f93c elementor-widget elementor-widget-image\" data-id=\"fa8f93c\" data-element_type=\"widget\" data-widget_type=\"image.default\">\n\t\t\t\t<div class=\"elementor-widget-container\">\n\t\t\t\t\t\t\t\t\t\t\t\t\t\t\t<img decoding=\"async\" width=\"1024\" height=\"768\" src=\"https:\/\/www.reseauclimatjeunesse.org\/wp-content\/uploads\/2025\/06\/Vh20231202-Cop28-47-1024x768.jpg\" class=\"attachment-large size-large wp-image-576\" alt=\"\" srcset=\"https:\/\/www.reseauclimatjeunesse.org\/wp-content\/uploads\/2025\/06\/Vh20231202-Cop28-47-1024x768.jpg 1024w, https:\/\/www.reseauclimatjeunesse.org\/wp-content\/uploads\/2025\/06\/Vh20231202-Cop28-47-300x225.jpg 300w, https:\/\/www.reseauclimatjeunesse.org\/wp-content\/uploads\/2025\/06\/Vh20231202-Cop28-47-768x576.jpg 768w, https:\/\/www.reseauclimatjeunesse.org\/wp-content\/uploads\/2025\/06\/Vh20231202-Cop28-47-1536x1152.jpg 1536w, https:\/\/www.reseauclimatjeunesse.org\/wp-content\/uploads\/2025\/06\/Vh20231202-Cop28-47-2048x1536.jpg 2048w\" sizes=\"(max-width: 1024px) 100vw, 1024px\" \/>\t\t\t\t\t\t\t\t\t\t\t\t\t\t\t<\/div>\n\t\t\t\t<\/div>\n\t\t\t\t<div class=\"elementor-element elementor-element-284edf0 elementor-widget elementor-widget-image\" data-id=\"284edf0\" data-element_type=\"widget\" data-widget_type=\"image.default\">\n\t\t\t\t<div class=\"elementor-widget-container\">\n\t\t\t\t\t\t\t\t\t\t\t\t\t\t\t<img decoding=\"async\" width=\"1024\" height=\"768\" src=\"https:\/\/www.reseauclimatjeunesse.org\/wp-content\/uploads\/2025\/06\/Vh20231202-Cop28-29-1024x768.jpg\" class=\"attachment-large size-large wp-image-575\" alt=\"\" srcset=\"https:\/\/www.reseauclimatjeunesse.org\/wp-content\/uploads\/2025\/06\/Vh20231202-Cop28-29-1024x768.jpg 1024w, https:\/\/www.reseauclimatjeunesse.org\/wp-content\/uploads\/2025\/06\/Vh20231202-Cop28-29-300x225.jpg 300w, https:\/\/www.reseauclimatjeunesse.org\/wp-content\/uploads\/2025\/06\/Vh20231202-Cop28-29-768x576.jpg 768w, https:\/\/www.reseauclimatjeunesse.org\/wp-content\/uploads\/2025\/06\/Vh20231202-Cop28-29-1536x1152.jpg 1536w, https:\/\/www.reseauclimatjeunesse.org\/wp-content\/uploads\/2025\/06\/Vh20231202-Cop28-29-2048x1536.jpg 2048w\" sizes=\"(max-width: 1024px) 100vw, 1024px\" \/>\t\t\t\t\t\t\t\t\t\t\t\t\t\t\t<\/div>\n\t\t\t\t<\/div>\n\t\t\t\t<\/div>\n\t\t<div class=\"elementor-element elementor-element-a23eb2c e-con-full e-flex e-con e-child\" data-id=\"a23eb2c\" data-element_type=\"container\">\n\t\t\t\t<div class=\"elementor-element elementor-element-4d62ffb elementor-widget elementor-widget-image\" data-id=\"4d62ffb\" data-element_type=\"widget\" data-widget_type=\"image.default\">\n\t\t\t\t<div class=\"elementor-widget-container\">\n\t\t\t\t\t\t\t\t\t\t\t\t\t\t\t<img loading=\"lazy\" decoding=\"async\" width=\"1024\" height=\"768\" src=\"https:\/\/www.reseauclimatjeunesse.org\/wp-content\/uploads\/2025\/06\/Vh20231202-Cop28-14-1024x768.jpg\" class=\"attachment-large size-large wp-image-578\" alt=\"\" srcset=\"https:\/\/www.reseauclimatjeunesse.org\/wp-content\/uploads\/2025\/06\/Vh20231202-Cop28-14-1024x768.jpg 1024w, https:\/\/www.reseauclimatjeunesse.org\/wp-content\/uploads\/2025\/06\/Vh20231202-Cop28-14-300x225.jpg 300w, https:\/\/www.reseauclimatjeunesse.org\/wp-content\/uploads\/2025\/06\/Vh20231202-Cop28-14-768x576.jpg 768w, https:\/\/www.reseauclimatjeunesse.org\/wp-content\/uploads\/2025\/06\/Vh20231202-Cop28-14-1536x1152.jpg 1536w, https:\/\/www.reseauclimatjeunesse.org\/wp-content\/uploads\/2025\/06\/Vh20231202-Cop28-14-2048x1536.jpg 2048w\" sizes=\"(max-width: 1024px) 100vw, 1024px\" \/>\t\t\t\t\t\t\t\t\t\t\t\t\t\t\t<\/div>\n\t\t\t\t<\/div>\n\t\t\t\t<div class=\"elementor-element elementor-element-e2c7e68 elementor-widget elementor-widget-image\" data-id=\"e2c7e68\" data-element_type=\"widget\" data-widget_type=\"image.default\">\n\t\t\t\t<div class=\"elementor-widget-container\">\n\t\t\t\t\t\t\t\t\t\t\t\t\t\t\t<img loading=\"lazy\" decoding=\"async\" width=\"1024\" height=\"768\" src=\"https:\/\/www.reseauclimatjeunesse.org\/wp-content\/uploads\/2025\/06\/Vh20231202-Cop28-20-1024x768.jpg\" class=\"attachment-large size-large wp-image-579\" alt=\"\" srcset=\"https:\/\/www.reseauclimatjeunesse.org\/wp-content\/uploads\/2025\/06\/Vh20231202-Cop28-20-1024x768.jpg 1024w, https:\/\/www.reseauclimatjeunesse.org\/wp-content\/uploads\/2025\/06\/Vh20231202-Cop28-20-300x225.jpg 300w, https:\/\/www.reseauclimatjeunesse.org\/wp-content\/uploads\/2025\/06\/Vh20231202-Cop28-20-768x576.jpg 768w, https:\/\/www.reseauclimatjeunesse.org\/wp-content\/uploads\/2025\/06\/Vh20231202-Cop28-20-1536x1152.jpg 1536w, https:\/\/www.reseauclimatjeunesse.org\/wp-content\/uploads\/2025\/06\/Vh20231202-Cop28-20-2048x1536.jpg 2048w\" sizes=\"(max-width: 1024px) 100vw, 1024px\" \/>\t\t\t\t\t\t\t\t\t\t\t\t\t\t\t<\/div>\n\t\t\t\t<\/div>\n\t\t\t\t<div class=\"elementor-element elementor-element-86b7882 elementor-widget elementor-widget-image\" data-id=\"86b7882\" data-element_type=\"widget\" data-widget_type=\"image.default\">\n\t\t\t\t<div class=\"elementor-widget-container\">\n\t\t\t\t\t\t\t\t\t\t\t\t\t\t\t<img loading=\"lazy\" decoding=\"async\" width=\"768\" height=\"1024\" src=\"https:\/\/www.reseauclimatjeunesse.org\/wp-content\/uploads\/2025\/06\/Vh20231202-Cop28-22-768x1024.jpg\" class=\"attachment-large size-large wp-image-580\" alt=\"\" srcset=\"https:\/\/www.reseauclimatjeunesse.org\/wp-content\/uploads\/2025\/06\/Vh20231202-Cop28-22-768x1024.jpg 768w, https:\/\/www.reseauclimatjeunesse.org\/wp-content\/uploads\/2025\/06\/Vh20231202-Cop28-22-225x300.jpg 225w, https:\/\/www.reseauclimatjeunesse.org\/wp-content\/uploads\/2025\/06\/Vh20231202-Cop28-22-1152x1536.jpg 1152w, https:\/\/www.reseauclimatjeunesse.org\/wp-content\/uploads\/2025\/06\/Vh20231202-Cop28-22-1536x2048.jpg 1536w, https:\/\/www.reseauclimatjeunesse.org\/wp-content\/uploads\/2025\/06\/Vh20231202-Cop28-22-scaled.jpg 1920w\" sizes=\"(max-width: 768px) 100vw, 768px\" \/>\t\t\t\t\t\t\t\t\t\t\t\t\t\t\t<\/div>\n\t\t\t\t<\/div>\n\t\t\t\t<\/div>\n\t\t<div class=\"elementor-element elementor-element-f6836f1 e-con-full e-flex e-con e-child\" data-id=\"f6836f1\" data-element_type=\"container\">\n\t\t\t\t<div class=\"elementor-element elementor-element-935471e elementor-widget elementor-widget-image\" data-id=\"935471e\" data-element_type=\"widget\" data-widget_type=\"image.default\">\n\t\t\t\t<div class=\"elementor-widget-container\">\n\t\t\t\t\t\t\t\t\t\t\t\t\t\t\t<img loading=\"lazy\" decoding=\"async\" width=\"1024\" height=\"768\" src=\"https:\/\/www.reseauclimatjeunesse.org\/wp-content\/uploads\/2025\/06\/Vh20231202-Cop28-51-1024x768.jpg\" class=\"attachment-large size-large wp-image-581\" alt=\"\" srcset=\"https:\/\/www.reseauclimatjeunesse.org\/wp-content\/uploads\/2025\/06\/Vh20231202-Cop28-51-1024x768.jpg 1024w, https:\/\/www.reseauclimatjeunesse.org\/wp-content\/uploads\/2025\/06\/Vh20231202-Cop28-51-300x225.jpg 300w, https:\/\/www.reseauclimatjeunesse.org\/wp-content\/uploads\/2025\/06\/Vh20231202-Cop28-51-768x576.jpg 768w, https:\/\/www.reseauclimatjeunesse.org\/wp-content\/uploads\/2025\/06\/Vh20231202-Cop28-51-1536x1152.jpg 1536w, https:\/\/www.reseauclimatjeunesse.org\/wp-content\/uploads\/2025\/06\/Vh20231202-Cop28-51-2048x1536.jpg 2048w\" sizes=\"(max-width: 1024px) 100vw, 1024px\" \/>\t\t\t\t\t\t\t\t\t\t\t\t\t\t\t<\/div>\n\t\t\t\t<\/div>\n\t\t\t\t<div class=\"elementor-element elementor-element-6eb111c elementor-widget elementor-widget-image\" data-id=\"6eb111c\" data-element_type=\"widget\" data-widget_type=\"image.default\">\n\t\t\t\t<div class=\"elementor-widget-container\">\n\t\t\t\t\t\t\t\t\t\t\t\t\t\t\t<img loading=\"lazy\" decoding=\"async\" width=\"1024\" height=\"768\" src=\"https:\/\/www.reseauclimatjeunesse.org\/wp-content\/uploads\/2025\/06\/Vh20231202-Cop28-55-1024x768.jpg\" class=\"attachment-large size-large wp-image-582\" alt=\"\" srcset=\"https:\/\/www.reseauclimatjeunesse.org\/wp-content\/uploads\/2025\/06\/Vh20231202-Cop28-55-1024x768.jpg 1024w, https:\/\/www.reseauclimatjeunesse.org\/wp-content\/uploads\/2025\/06\/Vh20231202-Cop28-55-300x225.jpg 300w, https:\/\/www.reseauclimatjeunesse.org\/wp-content\/uploads\/2025\/06\/Vh20231202-Cop28-55-768x576.jpg 768w, https:\/\/www.reseauclimatjeunesse.org\/wp-content\/uploads\/2025\/06\/Vh20231202-Cop28-55-1536x1152.jpg 1536w, https:\/\/www.reseauclimatjeunesse.org\/wp-content\/uploads\/2025\/06\/Vh20231202-Cop28-55-2048x1536.jpg 2048w\" sizes=\"(max-width: 1024px) 100vw, 1024px\" \/>\t\t\t\t\t\t\t\t\t\t\t\t\t\t\t<\/div>\n\t\t\t\t<\/div>\n\t\t\t\t<div class=\"elementor-element elementor-element-8700e67 elementor-widget elementor-widget-image\" data-id=\"8700e67\" data-element_type=\"widget\" data-widget_type=\"image.default\">\n\t\t\t\t<div class=\"elementor-widget-container\">\n\t\t\t\t\t\t\t\t\t\t\t\t\t\t\t<img loading=\"lazy\" decoding=\"async\" width=\"768\" height=\"1024\" src=\"https:\/\/www.reseauclimatjeunesse.org\/wp-content\/uploads\/2025\/06\/Vh20231202-Cop28-58-768x1024.jpg\" class=\"attachment-large size-large wp-image-583\" alt=\"\" srcset=\"https:\/\/www.reseauclimatjeunesse.org\/wp-content\/uploads\/2025\/06\/Vh20231202-Cop28-58-768x1024.jpg 768w, https:\/\/www.reseauclimatjeunesse.org\/wp-content\/uploads\/2025\/06\/Vh20231202-Cop28-58-225x300.jpg 225w, https:\/\/www.reseauclimatjeunesse.org\/wp-content\/uploads\/2025\/06\/Vh20231202-Cop28-58-1152x1536.jpg 1152w, https:\/\/www.reseauclimatjeunesse.org\/wp-content\/uploads\/2025\/06\/Vh20231202-Cop28-58-1536x2048.jpg 1536w, https:\/\/www.reseauclimatjeunesse.org\/wp-content\/uploads\/2025\/06\/Vh20231202-Cop28-58-scaled.jpg 1920w\" sizes=\"(max-width: 768px) 100vw, 768px\" \/>\t\t\t\t\t\t\t\t\t\t\t\t\t\t\t<\/div>\n\t\t\t\t<\/div>\n\t\t\t\t<\/div>\n\t\t\t\t\t<\/div>\n\t\t\t\t<\/div>\n\t\t\t\t<\/div>\n\t\t","protected":false},"excerpt":{"rendered":"<p>Qui sommes nous ? &#8211; Cr\u00e9ation du r\u00e9seau Notre collectif a pris naissance lors de la COP28, o\u00f9 nous avons eu le privil\u00e8ge de rencontrer plusieurs jeunes engag\u00e9s dans la cause climatique, notamment venant de pays africains. L&rsquo;\u00e9nergie d\u00e9ploy\u00e9e par ces jeunes dans la lutte contre le changement climatique nous a donn\u00e9 l\u2019id\u00e9e de cr\u00e9er [&hellip;]<\/p>\n","protected":false},"author":1,"featured_media":0,"parent":0,"menu_order":0,"comment_status":"closed","ping_status":"closed","template":"","meta":{"ocean_post_layout":"","ocean_both_sidebars_style":"","ocean_both_sidebars_content_width":0,"ocean_both_sidebars_sidebars_width":0,"ocean_sidebar":"","ocean_second_sidebar":"","ocean_disable_margins":"enable","ocean_add_body_class":"","ocean_shortcode_before_top_bar":"","ocean_shortcode_after_top_bar":"","ocean_shortcode_before_header":"","ocean_shortcode_after_header":"","ocean_has_shortcode":"","ocean_shortcode_after_title":"","ocean_shortcode_before_footer_widgets":"","ocean_shortcode_after_footer_widgets":"","ocean_shortcode_before_footer_bottom":"","ocean_shortcode_after_footer_bottom":"","ocean_display_top_bar":"default","ocean_display_header":"default","ocean_header_style":"","ocean_center_header_left_menu":"","ocean_custom_header_template":"","ocean_custom_logo":0,"ocean_custom_retina_logo":0,"ocean_custom_logo_max_width":0,"ocean_custom_logo_tablet_max_width":0,"ocean_custom_logo_mobile_max_width":0,"ocean_custom_logo_max_height":0,"ocean_custom_logo_tablet_max_height":0,"ocean_custom_logo_mobile_max_height":0,"ocean_header_custom_menu":"","ocean_menu_typo_font_family":"","ocean_menu_typo_font_subset":"","ocean_menu_typo_font_size":0,"ocean_menu_typo_font_size_tablet":0,"ocean_menu_typo_font_size_mobile":0,"ocean_menu_typo_font_size_unit":"px","ocean_menu_typo_font_weight":"","ocean_menu_typo_font_weight_tablet":"","ocean_menu_typo_font_weight_mobile":"","ocean_menu_typo_transform":"","ocean_menu_typo_transform_tablet":"","ocean_menu_typo_transform_mobile":"","ocean_menu_typo_line_height":0,"ocean_menu_typo_line_height_tablet":0,"ocean_menu_typo_line_height_mobile":0,"ocean_menu_typo_line_height_unit":"","ocean_menu_typo_spacing":0,"ocean_menu_typo_spacing_tablet":0,"ocean_menu_typo_spacing_mobile":0,"ocean_menu_typo_spacing_unit":"","ocean_menu_link_color":"","ocean_menu_link_color_hover":"","ocean_menu_link_color_active":"","ocean_menu_link_background":"","ocean_menu_link_hover_background":"","ocean_menu_link_active_background":"","ocean_menu_social_links_bg":"","ocean_menu_social_hover_links_bg":"","ocean_menu_social_links_color":"","ocean_menu_social_hover_links_color":"","ocean_disable_title":"default","ocean_disable_heading":"default","ocean_post_title":"","ocean_post_subheading":"","ocean_post_title_style":"","ocean_post_title_background_color":"","ocean_post_title_background":0,"ocean_post_title_bg_image_position":"","ocean_post_title_bg_image_attachment":"","ocean_post_title_bg_image_repeat":"","ocean_post_title_bg_image_size":"","ocean_post_title_height":0,"ocean_post_title_bg_overlay":0.5,"ocean_post_title_bg_overlay_color":"","ocean_disable_breadcrumbs":"default","ocean_breadcrumbs_color":"","ocean_breadcrumbs_separator_color":"","ocean_breadcrumbs_links_color":"","ocean_breadcrumbs_links_hover_color":"","ocean_display_footer_widgets":"default","ocean_display_footer_bottom":"default","ocean_custom_footer_template":"","footnotes":""},"class_list":["post-20","page","type-page","status-publish","hentry","entry"],"yoast_head":"<!-- This site is optimized with the Yoast SEO plugin v25.6 - https:\/\/yoast.com\/wordpress\/plugins\/seo\/ -->\n<title>Qui sommes-nous ? - R\u00e9seau Climat Jeunesse<\/title>\n<meta name=\"robots\" content=\"index, follow, max-snippet:-1, max-image-preview:large, max-video-preview:-1\" \/>\n<link rel=\"canonical\" href=\"https:\/\/www.reseauclimatjeunesse.org\/index.php\/qui-sommes-nous\/\" \/>\n<meta property=\"og:locale\" content=\"fr_FR\" \/>\n<meta property=\"og:type\" content=\"article\" \/>\n<meta property=\"og:title\" content=\"Qui sommes-nous ? - R\u00e9seau Climat Jeunesse\" \/>\n<meta property=\"og:description\" content=\"Qui sommes nous ? &#8211; Cr\u00e9ation du r\u00e9seau Notre collectif a pris naissance lors de la COP28, o\u00f9 nous avons eu le privil\u00e8ge de rencontrer plusieurs jeunes engag\u00e9s dans la cause climatique, notamment venant de pays africains. L&rsquo;\u00e9nergie d\u00e9ploy\u00e9e par ces jeunes dans la lutte contre le changement climatique nous a donn\u00e9 l\u2019id\u00e9e de cr\u00e9er [&hellip;]\" \/>\n<meta property=\"og:url\" content=\"https:\/\/www.reseauclimatjeunesse.org\/index.php\/qui-sommes-nous\/\" \/>\n<meta property=\"og:site_name\" content=\"R\u00e9seau Climat Jeunesse\" \/>\n<meta property=\"article:modified_time\" content=\"2025-06-10T13:21:46+00:00\" \/>\n<meta property=\"og:image\" content=\"http:\/\/www.reseauclimatjeunesse.org\/wp-content\/uploads\/2025\/06\/Vh20231202-Cop28-26-1024x768.jpg\" \/>\n<meta name=\"twitter:card\" content=\"summary_large_image\" \/>\n<meta name=\"twitter:label1\" content=\"Dur\u00e9e de lecture estim\u00e9e\" \/>\n\t<meta name=\"twitter:data1\" content=\"3 minutes\" \/>\n<script type=\"application\/ld+json\" class=\"yoast-schema-graph\">{\"@context\":\"https:\/\/schema.org\",\"@graph\":[{\"@type\":\"WebPage\",\"@id\":\"https:\/\/www.reseauclimatjeunesse.org\/index.php\/qui-sommes-nous\/\",\"url\":\"https:\/\/www.reseauclimatjeunesse.org\/index.php\/qui-sommes-nous\/\",\"name\":\"Qui sommes-nous ? - R\u00e9seau Climat Jeunesse\",\"isPartOf\":{\"@id\":\"https:\/\/www.reseauclimatjeunesse.org\/#website\"},\"primaryImageOfPage\":{\"@id\":\"https:\/\/www.reseauclimatjeunesse.org\/index.php\/qui-sommes-nous\/#primaryimage\"},\"image\":{\"@id\":\"https:\/\/www.reseauclimatjeunesse.org\/index.php\/qui-sommes-nous\/#primaryimage\"},\"thumbnailUrl\":\"http:\/\/www.reseauclimatjeunesse.org\/wp-content\/uploads\/2025\/06\/Vh20231202-Cop28-26-1024x768.jpg\",\"datePublished\":\"2025-03-26T19:23:40+00:00\",\"dateModified\":\"2025-06-10T13:21:46+00:00\",\"breadcrumb\":{\"@id\":\"https:\/\/www.reseauclimatjeunesse.org\/index.php\/qui-sommes-nous\/#breadcrumb\"},\"inLanguage\":\"fr-FR\",\"potentialAction\":[{\"@type\":\"ReadAction\",\"target\":[\"https:\/\/www.reseauclimatjeunesse.org\/index.php\/qui-sommes-nous\/\"]}]},{\"@type\":\"ImageObject\",\"inLanguage\":\"fr-FR\",\"@id\":\"https:\/\/www.reseauclimatjeunesse.org\/index.php\/qui-sommes-nous\/#primaryimage\",\"url\":\"http:\/\/www.reseauclimatjeunesse.org\/wp-content\/uploads\/2025\/06\/Vh20231202-Cop28-26-1024x768.jpg\",\"contentUrl\":\"http:\/\/www.reseauclimatjeunesse.org\/wp-content\/uploads\/2025\/06\/Vh20231202-Cop28-26-1024x768.jpg\"},{\"@type\":\"BreadcrumbList\",\"@id\":\"https:\/\/www.reseauclimatjeunesse.org\/index.php\/qui-sommes-nous\/#breadcrumb\",\"itemListElement\":[{\"@type\":\"ListItem\",\"position\":1,\"name\":\"Accueil\",\"item\":\"https:\/\/www.reseauclimatjeunesse.org\/\"},{\"@type\":\"ListItem\",\"position\":2,\"name\":\"Qui sommes-nous ?\"}]},{\"@type\":\"WebSite\",\"@id\":\"https:\/\/www.reseauclimatjeunesse.org\/#website\",\"url\":\"https:\/\/www.reseauclimatjeunesse.org\/\",\"name\":\"R\u00e9seau Climat Jeunesse\",\"description\":\"RCJ FAEM\",\"publisher\":{\"@id\":\"https:\/\/www.reseauclimatjeunesse.org\/#organization\"},\"potentialAction\":[{\"@type\":\"SearchAction\",\"target\":{\"@type\":\"EntryPoint\",\"urlTemplate\":\"https:\/\/www.reseauclimatjeunesse.org\/?s={search_term_string}\"},\"query-input\":{\"@type\":\"PropertyValueSpecification\",\"valueRequired\":true,\"valueName\":\"search_term_string\"}}],\"inLanguage\":\"fr-FR\"},{\"@type\":\"Organization\",\"@id\":\"https:\/\/www.reseauclimatjeunesse.org\/#organization\",\"name\":\"R\u00e9seau Climat Jeunesse\",\"url\":\"https:\/\/www.reseauclimatjeunesse.org\/\",\"logo\":{\"@type\":\"ImageObject\",\"inLanguage\":\"fr-FR\",\"@id\":\"https:\/\/www.reseauclimatjeunesse.org\/#\/schema\/logo\/image\/\",\"url\":\"https:\/\/www.reseauclimatjeunesse.org\/wp-content\/uploads\/2025\/07\/cropped-Logo-climat-jeunesse-Vperso-AEM.png\",\"contentUrl\":\"https:\/\/www.reseauclimatjeunesse.org\/wp-content\/uploads\/2025\/07\/cropped-Logo-climat-jeunesse-Vperso-AEM.png\",\"width\":1089,\"height\":1041,\"caption\":\"R\u00e9seau Climat Jeunesse\"},\"image\":{\"@id\":\"https:\/\/www.reseauclimatjeunesse.org\/#\/schema\/logo\/image\/\"}}]}<\/script>\n<!-- \/ Yoast SEO plugin. -->","yoast_head_json":{"title":"Qui sommes-nous ? - R\u00e9seau Climat Jeunesse","robots":{"index":"index","follow":"follow","max-snippet":"max-snippet:-1","max-image-preview":"max-image-preview:large","max-video-preview":"max-video-preview:-1"},"canonical":"https:\/\/www.reseauclimatjeunesse.org\/index.php\/qui-sommes-nous\/","og_locale":"fr_FR","og_type":"article","og_title":"Qui sommes-nous ? - R\u00e9seau Climat Jeunesse","og_description":"Qui sommes nous ? &#8211; Cr\u00e9ation du r\u00e9seau Notre collectif a pris naissance lors de la COP28, o\u00f9 nous avons eu le privil\u00e8ge de rencontrer plusieurs jeunes engag\u00e9s dans la cause climatique, notamment venant de pays africains. L&rsquo;\u00e9nergie d\u00e9ploy\u00e9e par ces jeunes dans la lutte contre le changement climatique nous a donn\u00e9 l\u2019id\u00e9e de cr\u00e9er [&hellip;]","og_url":"https:\/\/www.reseauclimatjeunesse.org\/index.php\/qui-sommes-nous\/","og_site_name":"R\u00e9seau Climat Jeunesse","article_modified_time":"2025-06-10T13:21:46+00:00","og_image":[{"url":"http:\/\/www.reseauclimatjeunesse.org\/wp-content\/uploads\/2025\/06\/Vh20231202-Cop28-26-1024x768.jpg","type":"","width":"","height":""}],"twitter_card":"summary_large_image","twitter_misc":{"Dur\u00e9e de lecture estim\u00e9e":"3 minutes"},"schema":{"@context":"https:\/\/schema.org","@graph":[{"@type":"WebPage","@id":"https:\/\/www.reseauclimatjeunesse.org\/index.php\/qui-sommes-nous\/","url":"https:\/\/www.reseauclimatjeunesse.org\/index.php\/qui-sommes-nous\/","name":"Qui sommes-nous ? - R\u00e9seau Climat Jeunesse","isPartOf":{"@id":"https:\/\/www.reseauclimatjeunesse.org\/#website"},"primaryImageOfPage":{"@id":"https:\/\/www.reseauclimatjeunesse.org\/index.php\/qui-sommes-nous\/#primaryimage"},"image":{"@id":"https:\/\/www.reseauclimatjeunesse.org\/index.php\/qui-sommes-nous\/#primaryimage"},"thumbnailUrl":"http:\/\/www.reseauclimatjeunesse.org\/wp-content\/uploads\/2025\/06\/Vh20231202-Cop28-26-1024x768.jpg","datePublished":"2025-03-26T19:23:40+00:00","dateModified":"2025-06-10T13:21:46+00:00","breadcrumb":{"@id":"https:\/\/www.reseauclimatjeunesse.org\/index.php\/qui-sommes-nous\/#breadcrumb"},"inLanguage":"fr-FR","potentialAction":[{"@type":"ReadAction","target":["https:\/\/www.reseauclimatjeunesse.org\/index.php\/qui-sommes-nous\/"]}]},{"@type":"ImageObject","inLanguage":"fr-FR","@id":"https:\/\/www.reseauclimatjeunesse.org\/index.php\/qui-sommes-nous\/#primaryimage","url":"http:\/\/www.reseauclimatjeunesse.org\/wp-content\/uploads\/2025\/06\/Vh20231202-Cop28-26-1024x768.jpg","contentUrl":"http:\/\/www.reseauclimatjeunesse.org\/wp-content\/uploads\/2025\/06\/Vh20231202-Cop28-26-1024x768.jpg"},{"@type":"BreadcrumbList","@id":"https:\/\/www.reseauclimatjeunesse.org\/index.php\/qui-sommes-nous\/#breadcrumb","itemListElement":[{"@type":"ListItem","position":1,"name":"Accueil","item":"https:\/\/www.reseauclimatjeunesse.org\/"},{"@type":"ListItem","position":2,"name":"Qui sommes-nous ?"}]},{"@type":"WebSite","@id":"https:\/\/www.reseauclimatjeunesse.org\/#website","url":"https:\/\/www.reseauclimatjeunesse.org\/","name":"R\u00e9seau Climat Jeunesse","description":"RCJ FAEM","publisher":{"@id":"https:\/\/www.reseauclimatjeunesse.org\/#organization"},"potentialAction":[{"@type":"SearchAction","target":{"@type":"EntryPoint","urlTemplate":"https:\/\/www.reseauclimatjeunesse.org\/?s={search_term_string}"},"query-input":{"@type":"PropertyValueSpecification","valueRequired":true,"valueName":"search_term_string"}}],"inLanguage":"fr-FR"},{"@type":"Organization","@id":"https:\/\/www.reseauclimatjeunesse.org\/#organization","name":"R\u00e9seau Climat Jeunesse","url":"https:\/\/www.reseauclimatjeunesse.org\/","logo":{"@type":"ImageObject","inLanguage":"fr-FR","@id":"https:\/\/www.reseauclimatjeunesse.org\/#\/schema\/logo\/image\/","url":"https:\/\/www.reseauclimatjeunesse.org\/wp-content\/uploads\/2025\/07\/cropped-Logo-climat-jeunesse-Vperso-AEM.png","contentUrl":"https:\/\/www.reseauclimatjeunesse.org\/wp-content\/uploads\/2025\/07\/cropped-Logo-climat-jeunesse-Vperso-AEM.png","width":1089,"height":1041,"caption":"R\u00e9seau Climat Jeunesse"},"image":{"@id":"https:\/\/www.reseauclimatjeunesse.org\/#\/schema\/logo\/image\/"}}]}},"_links":{"self":[{"href":"https:\/\/www.reseauclimatjeunesse.org\/index.php\/wp-json\/wp\/v2\/pages\/20","targetHints":{"allow":["GET"]}}],"collection":[{"href":"https:\/\/www.reseauclimatjeunesse.org\/index.php\/wp-json\/wp\/v2\/pages"}],"about":[{"href":"https:\/\/www.reseauclimatjeunesse.org\/index.php\/wp-json\/wp\/v2\/types\/page"}],"author":[{"embeddable":true,"href":"https:\/\/www.reseauclimatjeunesse.org\/index.php\/wp-json\/wp\/v2\/users\/1"}],"replies":[{"embeddable":true,"href":"https:\/\/www.reseauclimatjeunesse.org\/index.php\/wp-json\/wp\/v2\/comments?post=20"}],"version-history":[{"count":28,"href":"https:\/\/www.reseauclimatjeunesse.org\/index.php\/wp-json\/wp\/v2\/pages\/20\/revisions"}],"predecessor-version":[{"id":652,"href":"https:\/\/www.reseauclimatjeunesse.org\/index.php\/wp-json\/wp\/v2\/pages\/20\/revisions\/652"}],"wp:attachment":[{"href":"https:\/\/www.reseauclimatjeunesse.org\/index.php\/wp-json\/wp\/v2\/media?parent=20"}],"curies":[{"name":"wp","href":"https:\/\/api.w.org\/{rel}","templated":true}]}}