{"id":426,"date":"2025-06-04T15:26:17","date_gmt":"2025-06-04T13:26:17","guid":{"rendered":"https:\/\/www.reseauclimatjeunesse.org\/?page_id=426"},"modified":"2025-06-23T15:57:39","modified_gmt":"2025-06-23T13:57:39","slug":"lair-et-moi","status":"publish","type":"page","link":"https:\/\/www.reseauclimatjeunesse.org\/index.php\/lair-et-moi\/","title":{"rendered":"L&rsquo;Air et Moi"},"content":{"rendered":"\t\t<div data-elementor-type=\"wp-page\" data-elementor-id=\"426\" class=\"elementor elementor-426\">\n\t\t\t\t<div class=\"elementor-element elementor-element-fcf1980 e-flex e-con-boxed e-con e-parent\" data-id=\"fcf1980\" data-element_type=\"container\">\n\t\t\t\t\t<div class=\"e-con-inner\">\n\t\t\t\t<div class=\"elementor-element elementor-element-ea598ea elementor-widget elementor-widget-spacer\" data-id=\"ea598ea\" data-element_type=\"widget\" data-widget_type=\"spacer.default\">\n\t\t\t\t<div class=\"elementor-widget-container\">\n\t\t\t\t\t\t\t<div class=\"elementor-spacer\">\n\t\t\t<div class=\"elementor-spacer-inner\"><\/div>\n\t\t<\/div>\n\t\t\t\t\t\t<\/div>\n\t\t\t\t<\/div>\n\t\t\t\t\t<\/div>\n\t\t\t\t<\/div>\n\t\t<div class=\"elementor-element elementor-element-d7ac61d e-flex e-con-boxed e-con e-parent\" data-id=\"d7ac61d\" data-element_type=\"container\">\n\t\t\t\t\t<div class=\"e-con-inner\">\n\t\t\t\t<div class=\"elementor-element elementor-element-fdb0e56 elementor-widget elementor-widget-image\" data-id=\"fdb0e56\" data-element_type=\"widget\" data-widget_type=\"image.default\">\n\t\t\t\t<div class=\"elementor-widget-container\">\n\t\t\t\t\t\t\t\t\t\t\t\t\t\t\t<img fetchpriority=\"high\" decoding=\"async\" width=\"639\" height=\"269\" src=\"https:\/\/www.reseauclimatjeunesse.org\/wp-content\/uploads\/2025\/06\/LOGO-FAEM_2025.jpg\" class=\"attachment-large size-large wp-image-850\" alt=\"\" srcset=\"https:\/\/www.reseauclimatjeunesse.org\/wp-content\/uploads\/2025\/06\/LOGO-FAEM_2025.jpg 639w, https:\/\/www.reseauclimatjeunesse.org\/wp-content\/uploads\/2025\/06\/LOGO-FAEM_2025-300x126.jpg 300w\" sizes=\"(max-width: 639px) 100vw, 639px\" \/>\t\t\t\t\t\t\t\t\t\t\t\t\t\t\t<\/div>\n\t\t\t\t<\/div>\n\t\t\t\t<div class=\"elementor-element elementor-element-cd7acd3 elementor-widget elementor-widget-heading\" data-id=\"cd7acd3\" data-element_type=\"widget\" data-widget_type=\"heading.default\">\n\t\t\t\t<div class=\"elementor-widget-container\">\n\t\t\t\t\t<h2 class=\"elementor-heading-title elementor-size-default\">L'Air et Moi<\/h2>\t\t\t\t<\/div>\n\t\t\t\t<\/div>\n\t\t\t\t<div class=\"elementor-element elementor-element-c6d4f44 elementor-widget elementor-widget-text-editor\" data-id=\"c6d4f44\" data-element_type=\"widget\" data-widget_type=\"text-editor.default\">\n\t\t\t\t<div class=\"elementor-widget-container\">\n\t\t\t\t\t\t\t\t\t<p>L&rsquo;Air et Moi est un programme p\u00e9dagogique sur la pollution de l&rsquo;air\u00a0fait de diaporamas anim\u00e9s, quiz, vid\u00e9os, guides p\u00e9dagogiques regroupant des compl\u00e9ments d&rsquo;information, chiffres clef, d\u00e9finitions, travaux pratiques, conseils p\u00e9dagogiques pour accompagner les enseignants, parents et animateurs d\u00e9sireux de sensibiliser des enfants \u00e0 la qualit\u00e9 de l&rsquo;air.<\/p><p><strong>Cliquer pour acc\u00e9der aux diff\u00e9rents modules :<\/strong><\/p>\t\t\t\t\t\t\t\t<\/div>\n\t\t\t\t<\/div>\n\t\t\t\t\t<\/div>\n\t\t\t\t<\/div>\n\t\t<div class=\"elementor-element elementor-element-3fccfca e-flex e-con-boxed e-con e-parent\" data-id=\"3fccfca\" data-element_type=\"container\">\n\t\t\t\t\t<div class=\"e-con-inner\">\n\t\t<div class=\"elementor-element elementor-element-3b51d5f e-grid e-con-full e-con e-child\" data-id=\"3b51d5f\" data-element_type=\"container\">\n\t\t\t\t<div class=\"elementor-element elementor-element-4b7f088 elementor-widget elementor-widget-image\" data-id=\"4b7f088\" data-element_type=\"widget\" data-widget_type=\"image.default\">\n\t\t\t\t<div class=\"elementor-widget-container\">\n\t\t\t\t\t\t\t\t\t\t\t\t\t\t\t\t<a href=\"https:\/\/www.lairetmoi.org\/accueil.html\" target=\"_blank\">\n\t\t\t\t\t\t\t<img decoding=\"async\" width=\"600\" height=\"279\" src=\"https:\/\/www.reseauclimatjeunesse.org\/wp-content\/uploads\/2025\/03\/LOGO-AEM-UNESCO-600.jpg\" class=\"attachment-large size-large wp-image-7\" alt=\"\" srcset=\"https:\/\/www.reseauclimatjeunesse.org\/wp-content\/uploads\/2025\/03\/LOGO-AEM-UNESCO-600.jpg 600w, https:\/\/www.reseauclimatjeunesse.org\/wp-content\/uploads\/2025\/03\/LOGO-AEM-UNESCO-600-300x140.jpg 300w\" sizes=\"(max-width: 600px) 100vw, 600px\" \/>\t\t\t\t\t\t\t\t<\/a>\n\t\t\t\t\t\t\t\t\t\t\t\t\t\t\t<\/div>\n\t\t\t\t<\/div>\n\t\t\t\t<div class=\"elementor-element elementor-element-3425040 elementor-widget elementor-widget-image\" data-id=\"3425040\" data-element_type=\"widget\" data-widget_type=\"image.default\">\n\t\t\t\t<div class=\"elementor-widget-container\">\n\t\t\t\t\t\t\t\t\t\t\t\t\t\t\t\t<a href=\"https:\/\/www.lairetmoi.org\/telechargements-ecole.html\" target=\"_blank\">\n\t\t\t\t\t\t\t<img decoding=\"async\" width=\"227\" height=\"284\" src=\"https:\/\/www.reseauclimatjeunesse.org\/wp-content\/uploads\/2025\/03\/lairetmoi-logo-fond-transparent-1.png\" class=\"attachment-large size-large wp-image-8\" alt=\"\" \/>\t\t\t\t\t\t\t\t<\/a>\n\t\t\t\t\t\t\t\t\t\t\t\t\t\t\t<\/div>\n\t\t\t\t<\/div>\n\t\t\t\t<div class=\"elementor-element elementor-element-ecbfa03 elementor-widget elementor-widget-image\" data-id=\"ecbfa03\" data-element_type=\"widget\" data-widget_type=\"image.default\">\n\t\t\t\t<div class=\"elementor-widget-container\">\n\t\t\t\t\t\t\t\t\t\t\t\t\t\t\t\t<a href=\"https:\/\/www.lairetmoi.org\/telechargements-college.html\" target=\"_blank\">\n\t\t\t\t\t\t\t<img loading=\"lazy\" decoding=\"async\" width=\"939\" height=\"1024\" src=\"https:\/\/www.reseauclimatjeunesse.org\/wp-content\/uploads\/2025\/06\/LOGO-AEM-College-939x1024.png\" class=\"attachment-large size-large wp-image-824\" alt=\"\" srcset=\"https:\/\/www.reseauclimatjeunesse.org\/wp-content\/uploads\/2025\/06\/LOGO-AEM-College-939x1024.png 939w, https:\/\/www.reseauclimatjeunesse.org\/wp-content\/uploads\/2025\/06\/LOGO-AEM-College-275x300.png 275w, https:\/\/www.reseauclimatjeunesse.org\/wp-content\/uploads\/2025\/06\/LOGO-AEM-College-768x837.png 768w, https:\/\/www.reseauclimatjeunesse.org\/wp-content\/uploads\/2025\/06\/LOGO-AEM-College.png 1293w\" sizes=\"(max-width: 939px) 100vw, 939px\" \/>\t\t\t\t\t\t\t\t<\/a>\n\t\t\t\t\t\t\t\t\t\t\t\t\t\t\t<\/div>\n\t\t\t\t<\/div>\n\t\t\t\t<div class=\"elementor-element elementor-element-8d8e9af elementor-widget elementor-widget-image\" data-id=\"8d8e9af\" data-element_type=\"widget\" data-widget_type=\"image.default\">\n\t\t\t\t<div class=\"elementor-widget-container\">\n\t\t\t\t\t\t\t\t\t\t\t\t\t\t\t\t<a href=\"https:\/\/www.lairetmoi.org\/telechargements-tout-lycee.html\" target=\"_blank\">\n\t\t\t\t\t\t\t<img loading=\"lazy\" decoding=\"async\" width=\"911\" height=\"1024\" src=\"https:\/\/www.reseauclimatjeunesse.org\/wp-content\/uploads\/2025\/06\/LOGO-AEML-OK-911x1024.png\" class=\"attachment-large size-large wp-image-826\" alt=\"\" srcset=\"https:\/\/www.reseauclimatjeunesse.org\/wp-content\/uploads\/2025\/06\/LOGO-AEML-OK-911x1024.png 911w, https:\/\/www.reseauclimatjeunesse.org\/wp-content\/uploads\/2025\/06\/LOGO-AEML-OK-267x300.png 267w, https:\/\/www.reseauclimatjeunesse.org\/wp-content\/uploads\/2025\/06\/LOGO-AEML-OK-768x863.png 768w, https:\/\/www.reseauclimatjeunesse.org\/wp-content\/uploads\/2025\/06\/LOGO-AEML-OK.png 1292w\" sizes=\"(max-width: 911px) 100vw, 911px\" \/>\t\t\t\t\t\t\t\t<\/a>\n\t\t\t\t\t\t\t\t\t\t\t\t\t\t\t<\/div>\n\t\t\t\t<\/div>\n\t\t\t\t<\/div>\n\t\t\t\t\t<\/div>\n\t\t\t\t<\/div>\n\t\t<div class=\"elementor-element elementor-element-b62bcd7 e-flex e-con-boxed e-con e-parent\" data-id=\"b62bcd7\" data-element_type=\"container\">\n\t\t\t\t\t<div class=\"e-con-inner\">\n\t\t\t\t<div class=\"elementor-element elementor-element-555f4dc elementor-widget elementor-widget-text-editor\" data-id=\"555f4dc\" data-element_type=\"widget\" data-widget_type=\"text-editor.default\">\n\t\t\t\t<div class=\"elementor-widget-container\">\n\t\t\t\t\t\t\t\t\t<h3>F\u00e9d\u00e9ration l\u2019Air et Moi \u2013 13 antennes travers le monde<\/h3>\t\t\t\t\t\t\t\t<\/div>\n\t\t\t\t<\/div>\n\t\t\t\t\t<\/div>\n\t\t\t\t<\/div>\n\t\t<div class=\"elementor-element elementor-element-fe090ea e-grid e-con-boxed e-con e-parent\" data-id=\"fe090ea\" data-element_type=\"container\">\n\t\t\t\t\t<div class=\"e-con-inner\">\n\t\t\t\t<div class=\"elementor-element elementor-element-0597c74 elementor-widget elementor-widget-image\" data-id=\"0597c74\" data-element_type=\"widget\" data-widget_type=\"image.default\">\n\t\t\t\t<div class=\"elementor-widget-container\">\n\t\t\t\t\t\t\t\t\t\t\t\t\t\t\t<img loading=\"lazy\" decoding=\"async\" width=\"886\" height=\"1024\" src=\"https:\/\/www.reseauclimatjeunesse.org\/wp-content\/uploads\/2025\/06\/LOGO-AEM-Angola-vertical-886x1024.png\" class=\"attachment-large size-large wp-image-834\" alt=\"\" srcset=\"https:\/\/www.reseauclimatjeunesse.org\/wp-content\/uploads\/2025\/06\/LOGO-AEM-Angola-vertical-886x1024.png 886w, https:\/\/www.reseauclimatjeunesse.org\/wp-content\/uploads\/2025\/06\/LOGO-AEM-Angola-vertical-260x300.png 260w, https:\/\/www.reseauclimatjeunesse.org\/wp-content\/uploads\/2025\/06\/LOGO-AEM-Angola-vertical-768x887.png 768w, https:\/\/www.reseauclimatjeunesse.org\/wp-content\/uploads\/2025\/06\/LOGO-AEM-Angola-vertical.png 1293w\" sizes=\"(max-width: 886px) 100vw, 886px\" \/>\t\t\t\t\t\t\t\t\t\t\t\t\t\t\t<\/div>\n\t\t\t\t<\/div>\n\t\t\t\t<div class=\"elementor-element elementor-element-063df21 elementor-widget elementor-widget-image\" data-id=\"063df21\" data-element_type=\"widget\" data-widget_type=\"image.default\">\n\t\t\t\t<div class=\"elementor-widget-container\">\n\t\t\t\t\t\t\t\t\t\t\t\t\t\t\t<img loading=\"lazy\" decoding=\"async\" width=\"890\" height=\"1024\" src=\"https:\/\/www.reseauclimatjeunesse.org\/wp-content\/uploads\/2025\/06\/LOGO-AEM-Benin-vertical-890x1024.png\" class=\"attachment-large size-large wp-image-835\" alt=\"\" srcset=\"https:\/\/www.reseauclimatjeunesse.org\/wp-content\/uploads\/2025\/06\/LOGO-AEM-Benin-vertical-890x1024.png 890w, https:\/\/www.reseauclimatjeunesse.org\/wp-content\/uploads\/2025\/06\/LOGO-AEM-Benin-vertical-261x300.png 261w, https:\/\/www.reseauclimatjeunesse.org\/wp-content\/uploads\/2025\/06\/LOGO-AEM-Benin-vertical-768x883.png 768w, https:\/\/www.reseauclimatjeunesse.org\/wp-content\/uploads\/2025\/06\/LOGO-AEM-Benin-vertical.png 1293w\" sizes=\"(max-width: 890px) 100vw, 890px\" \/>\t\t\t\t\t\t\t\t\t\t\t\t\t\t\t<\/div>\n\t\t\t\t<\/div>\n\t\t\t\t<div class=\"elementor-element elementor-element-cab3287 elementor-widget elementor-widget-image\" data-id=\"cab3287\" data-element_type=\"widget\" data-widget_type=\"image.default\">\n\t\t\t\t<div class=\"elementor-widget-container\">\n\t\t\t\t\t\t\t\t\t\t\t\t\t\t\t<img loading=\"lazy\" decoding=\"async\" width=\"906\" height=\"1024\" src=\"https:\/\/www.reseauclimatjeunesse.org\/wp-content\/uploads\/2025\/06\/LOGO-AEM-Cameroun-vertical-906x1024.png\" class=\"attachment-large size-large wp-image-836\" alt=\"\" srcset=\"https:\/\/www.reseauclimatjeunesse.org\/wp-content\/uploads\/2025\/06\/LOGO-AEM-Cameroun-vertical-906x1024.png 906w, https:\/\/www.reseauclimatjeunesse.org\/wp-content\/uploads\/2025\/06\/LOGO-AEM-Cameroun-vertical-265x300.png 265w, https:\/\/www.reseauclimatjeunesse.org\/wp-content\/uploads\/2025\/06\/LOGO-AEM-Cameroun-vertical-768x868.png 768w, https:\/\/www.reseauclimatjeunesse.org\/wp-content\/uploads\/2025\/06\/LOGO-AEM-Cameroun-vertical.png 1293w\" sizes=\"(max-width: 906px) 100vw, 906px\" \/>\t\t\t\t\t\t\t\t\t\t\t\t\t\t\t<\/div>\n\t\t\t\t<\/div>\n\t\t\t\t<div class=\"elementor-element elementor-element-45bd9b0 elementor-widget elementor-widget-image\" data-id=\"45bd9b0\" data-element_type=\"widget\" data-widget_type=\"image.default\">\n\t\t\t\t<div class=\"elementor-widget-container\">\n\t\t\t\t\t\t\t\t\t\t\t\t\t\t\t<img loading=\"lazy\" decoding=\"async\" width=\"885\" height=\"1024\" src=\"https:\/\/www.reseauclimatjeunesse.org\/wp-content\/uploads\/2025\/06\/LOGO-El-Aire-y-Yo-Chile-verticaleVF-885x1024.png\" class=\"attachment-large size-large wp-image-837\" alt=\"\" srcset=\"https:\/\/www.reseauclimatjeunesse.org\/wp-content\/uploads\/2025\/06\/LOGO-El-Aire-y-Yo-Chile-verticaleVF-885x1024.png 885w, https:\/\/www.reseauclimatjeunesse.org\/wp-content\/uploads\/2025\/06\/LOGO-El-Aire-y-Yo-Chile-verticaleVF-259x300.png 259w, https:\/\/www.reseauclimatjeunesse.org\/wp-content\/uploads\/2025\/06\/LOGO-El-Aire-y-Yo-Chile-verticaleVF-768x889.png 768w, https:\/\/www.reseauclimatjeunesse.org\/wp-content\/uploads\/2025\/06\/LOGO-El-Aire-y-Yo-Chile-verticaleVF.png 1023w\" sizes=\"(max-width: 885px) 100vw, 885px\" \/>\t\t\t\t\t\t\t\t\t\t\t\t\t\t\t<\/div>\n\t\t\t\t<\/div>\n\t\t\t\t<div class=\"elementor-element elementor-element-6a9583f elementor-widget elementor-widget-image\" data-id=\"6a9583f\" data-element_type=\"widget\" data-widget_type=\"image.default\">\n\t\t\t\t<div class=\"elementor-widget-container\">\n\t\t\t\t\t\t\t\t\t\t\t\t\t\t\t<img loading=\"lazy\" decoding=\"async\" width=\"898\" height=\"1024\" src=\"https:\/\/www.reseauclimatjeunesse.org\/wp-content\/uploads\/2025\/06\/LOGO-AEM-Cote-dIvoire-vertical-898x1024.png\" class=\"attachment-large size-large wp-image-838\" alt=\"\" srcset=\"https:\/\/www.reseauclimatjeunesse.org\/wp-content\/uploads\/2025\/06\/LOGO-AEM-Cote-dIvoire-vertical-898x1024.png 898w, https:\/\/www.reseauclimatjeunesse.org\/wp-content\/uploads\/2025\/06\/LOGO-AEM-Cote-dIvoire-vertical-263x300.png 263w, https:\/\/www.reseauclimatjeunesse.org\/wp-content\/uploads\/2025\/06\/LOGO-AEM-Cote-dIvoire-vertical-768x876.png 768w, https:\/\/www.reseauclimatjeunesse.org\/wp-content\/uploads\/2025\/06\/LOGO-AEM-Cote-dIvoire-vertical.png 1293w\" sizes=\"(max-width: 898px) 100vw, 898px\" \/>\t\t\t\t\t\t\t\t\t\t\t\t\t\t\t<\/div>\n\t\t\t\t<\/div>\n\t\t\t\t<div class=\"elementor-element elementor-element-efa9071 elementor-widget elementor-widget-image\" data-id=\"efa9071\" data-element_type=\"widget\" data-widget_type=\"image.default\">\n\t\t\t\t<div class=\"elementor-widget-container\">\n\t\t\t\t\t\t\t\t\t\t\t\t\t\t\t<img loading=\"lazy\" decoding=\"async\" width=\"887\" height=\"1024\" src=\"https:\/\/www.reseauclimatjeunesse.org\/wp-content\/uploads\/2025\/06\/LOGO-AEM-Guinee-vertical-887x1024.png\" class=\"attachment-large size-large wp-image-839\" alt=\"\" srcset=\"https:\/\/www.reseauclimatjeunesse.org\/wp-content\/uploads\/2025\/06\/LOGO-AEM-Guinee-vertical-887x1024.png 887w, https:\/\/www.reseauclimatjeunesse.org\/wp-content\/uploads\/2025\/06\/LOGO-AEM-Guinee-vertical-260x300.png 260w, https:\/\/www.reseauclimatjeunesse.org\/wp-content\/uploads\/2025\/06\/LOGO-AEM-Guinee-vertical-768x887.png 768w, https:\/\/www.reseauclimatjeunesse.org\/wp-content\/uploads\/2025\/06\/LOGO-AEM-Guinee-vertical.png 1293w\" sizes=\"(max-width: 887px) 100vw, 887px\" \/>\t\t\t\t\t\t\t\t\t\t\t\t\t\t\t<\/div>\n\t\t\t\t<\/div>\n\t\t\t\t<div class=\"elementor-element elementor-element-2e278bf elementor-widget elementor-widget-image\" data-id=\"2e278bf\" data-element_type=\"widget\" data-widget_type=\"image.default\">\n\t\t\t\t<div class=\"elementor-widget-container\">\n\t\t\t\t\t\t\t\t\t\t\t\t\t\t\t<img loading=\"lazy\" decoding=\"async\" width=\"960\" height=\"1024\" src=\"https:\/\/www.reseauclimatjeunesse.org\/wp-content\/uploads\/2025\/06\/LOGO-Laria-e-me-Italia-verticaleVF-960x1024.png\" class=\"attachment-large size-large wp-image-840\" alt=\"\" srcset=\"https:\/\/www.reseauclimatjeunesse.org\/wp-content\/uploads\/2025\/06\/LOGO-Laria-e-me-Italia-verticaleVF-960x1024.png 960w, https:\/\/www.reseauclimatjeunesse.org\/wp-content\/uploads\/2025\/06\/LOGO-Laria-e-me-Italia-verticaleVF-281x300.png 281w, https:\/\/www.reseauclimatjeunesse.org\/wp-content\/uploads\/2025\/06\/LOGO-Laria-e-me-Italia-verticaleVF-768x819.png 768w, https:\/\/www.reseauclimatjeunesse.org\/wp-content\/uploads\/2025\/06\/LOGO-Laria-e-me-Italia-verticaleVF.png 1110w\" sizes=\"(max-width: 960px) 100vw, 960px\" \/>\t\t\t\t\t\t\t\t\t\t\t\t\t\t\t<\/div>\n\t\t\t\t<\/div>\n\t\t\t\t<div class=\"elementor-element elementor-element-52af126 elementor-widget elementor-widget-image\" data-id=\"52af126\" data-element_type=\"widget\" data-widget_type=\"image.default\">\n\t\t\t\t<div class=\"elementor-widget-container\">\n\t\t\t\t\t\t\t\t\t\t\t\t\t\t\t<img loading=\"lazy\" decoding=\"async\" width=\"261\" height=\"300\" src=\"https:\/\/www.reseauclimatjeunesse.org\/wp-content\/uploads\/2025\/06\/LOGO-AEM-Liban-vertical-261x300.png\" class=\"attachment-medium size-medium wp-image-841\" alt=\"\" srcset=\"https:\/\/www.reseauclimatjeunesse.org\/wp-content\/uploads\/2025\/06\/LOGO-AEM-Liban-vertical-261x300.png 261w, https:\/\/www.reseauclimatjeunesse.org\/wp-content\/uploads\/2025\/06\/LOGO-AEM-Liban-vertical-890x1024.png 890w, https:\/\/www.reseauclimatjeunesse.org\/wp-content\/uploads\/2025\/06\/LOGO-AEM-Liban-vertical-768x883.png 768w, https:\/\/www.reseauclimatjeunesse.org\/wp-content\/uploads\/2025\/06\/LOGO-AEM-Liban-vertical.png 1293w\" sizes=\"(max-width: 261px) 100vw, 261px\" \/>\t\t\t\t\t\t\t\t\t\t\t\t\t\t\t<\/div>\n\t\t\t\t<\/div>\n\t\t\t\t<div class=\"elementor-element elementor-element-f19ced0 elementor-widget elementor-widget-image\" data-id=\"f19ced0\" data-element_type=\"widget\" data-widget_type=\"image.default\">\n\t\t\t\t<div class=\"elementor-widget-container\">\n\t\t\t\t\t\t\t\t\t\t\t\t\t\t\t<img loading=\"lazy\" decoding=\"async\" width=\"920\" height=\"1024\" src=\"https:\/\/www.reseauclimatjeunesse.org\/wp-content\/uploads\/2025\/06\/LOGO-AEM-Mali-vertical-920x1024.png\" class=\"attachment-large size-large wp-image-842\" alt=\"\" srcset=\"https:\/\/www.reseauclimatjeunesse.org\/wp-content\/uploads\/2025\/06\/LOGO-AEM-Mali-vertical-920x1024.png 920w, https:\/\/www.reseauclimatjeunesse.org\/wp-content\/uploads\/2025\/06\/LOGO-AEM-Mali-vertical-270x300.png 270w, https:\/\/www.reseauclimatjeunesse.org\/wp-content\/uploads\/2025\/06\/LOGO-AEM-Mali-vertical-768x855.png 768w, https:\/\/www.reseauclimatjeunesse.org\/wp-content\/uploads\/2025\/06\/LOGO-AEM-Mali-vertical.png 1293w\" sizes=\"(max-width: 920px) 100vw, 920px\" \/>\t\t\t\t\t\t\t\t\t\t\t\t\t\t\t<\/div>\n\t\t\t\t<\/div>\n\t\t\t\t<div class=\"elementor-element elementor-element-6996dd9 elementor-widget elementor-widget-image\" data-id=\"6996dd9\" data-element_type=\"widget\" data-widget_type=\"image.default\">\n\t\t\t\t<div class=\"elementor-widget-container\">\n\t\t\t\t\t\t\t\t\t\t\t\t\t\t\t<img loading=\"lazy\" decoding=\"async\" width=\"889\" height=\"1024\" src=\"https:\/\/www.reseauclimatjeunesse.org\/wp-content\/uploads\/2025\/06\/LOGO-AEM-Marco-vertical-889x1024.png\" class=\"attachment-large size-large wp-image-843\" alt=\"\" srcset=\"https:\/\/www.reseauclimatjeunesse.org\/wp-content\/uploads\/2025\/06\/LOGO-AEM-Marco-vertical-889x1024.png 889w, https:\/\/www.reseauclimatjeunesse.org\/wp-content\/uploads\/2025\/06\/LOGO-AEM-Marco-vertical-261x300.png 261w, https:\/\/www.reseauclimatjeunesse.org\/wp-content\/uploads\/2025\/06\/LOGO-AEM-Marco-vertical-768x884.png 768w, https:\/\/www.reseauclimatjeunesse.org\/wp-content\/uploads\/2025\/06\/LOGO-AEM-Marco-vertical.png 1293w\" sizes=\"(max-width: 889px) 100vw, 889px\" \/>\t\t\t\t\t\t\t\t\t\t\t\t\t\t\t<\/div>\n\t\t\t\t<\/div>\n\t\t\t\t<div class=\"elementor-element elementor-element-2484555 elementor-widget elementor-widget-image\" data-id=\"2484555\" data-element_type=\"widget\" data-widget_type=\"image.default\">\n\t\t\t\t<div class=\"elementor-widget-container\">\n\t\t\t\t\t\t\t\t\t\t\t\t\t\t\t<img loading=\"lazy\" decoding=\"async\" width=\"896\" height=\"1024\" src=\"https:\/\/www.reseauclimatjeunesse.org\/wp-content\/uploads\/2025\/06\/LOGO-AEM-RDC-vertical-896x1024.png\" class=\"attachment-large size-large wp-image-844\" alt=\"\" srcset=\"https:\/\/www.reseauclimatjeunesse.org\/wp-content\/uploads\/2025\/06\/LOGO-AEM-RDC-vertical-896x1024.png 896w, https:\/\/www.reseauclimatjeunesse.org\/wp-content\/uploads\/2025\/06\/LOGO-AEM-RDC-vertical-262x300.png 262w, https:\/\/www.reseauclimatjeunesse.org\/wp-content\/uploads\/2025\/06\/LOGO-AEM-RDC-vertical-768x878.png 768w, https:\/\/www.reseauclimatjeunesse.org\/wp-content\/uploads\/2025\/06\/LOGO-AEM-RDC-vertical.png 1293w\" sizes=\"(max-width: 896px) 100vw, 896px\" \/>\t\t\t\t\t\t\t\t\t\t\t\t\t\t\t<\/div>\n\t\t\t\t<\/div>\n\t\t\t\t<div class=\"elementor-element elementor-element-de6a033 elementor-widget elementor-widget-image\" data-id=\"de6a033\" data-element_type=\"widget\" data-widget_type=\"image.default\">\n\t\t\t\t<div class=\"elementor-widget-container\">\n\t\t\t\t\t\t\t\t\t\t\t\t\t\t\t<img loading=\"lazy\" decoding=\"async\" width=\"890\" height=\"1024\" src=\"https:\/\/www.reseauclimatjeunesse.org\/wp-content\/uploads\/2025\/06\/LOGO-AEM-Tchad-vertical-890x1024.png\" class=\"attachment-large size-large wp-image-845\" alt=\"\" srcset=\"https:\/\/www.reseauclimatjeunesse.org\/wp-content\/uploads\/2025\/06\/LOGO-AEM-Tchad-vertical-890x1024.png 890w, https:\/\/www.reseauclimatjeunesse.org\/wp-content\/uploads\/2025\/06\/LOGO-AEM-Tchad-vertical-261x300.png 261w, https:\/\/www.reseauclimatjeunesse.org\/wp-content\/uploads\/2025\/06\/LOGO-AEM-Tchad-vertical-768x884.png 768w, https:\/\/www.reseauclimatjeunesse.org\/wp-content\/uploads\/2025\/06\/LOGO-AEM-Tchad-vertical.png 1293w\" sizes=\"(max-width: 890px) 100vw, 890px\" \/>\t\t\t\t\t\t\t\t\t\t\t\t\t\t\t<\/div>\n\t\t\t\t<\/div>\n\t\t\t\t<div class=\"elementor-element elementor-element-5a3bd28 elementor-widget elementor-widget-image\" data-id=\"5a3bd28\" data-element_type=\"widget\" data-widget_type=\"image.default\">\n\t\t\t\t<div class=\"elementor-widget-container\">\n\t\t\t\t\t\t\t\t\t\t\t\t\t\t\t<img loading=\"lazy\" decoding=\"async\" width=\"886\" height=\"1024\" src=\"https:\/\/www.reseauclimatjeunesse.org\/wp-content\/uploads\/2025\/06\/LOGO-AEM-Tunisie-vertical-886x1024.png\" class=\"attachment-large size-large wp-image-846\" alt=\"\" srcset=\"https:\/\/www.reseauclimatjeunesse.org\/wp-content\/uploads\/2025\/06\/LOGO-AEM-Tunisie-vertical-886x1024.png 886w, https:\/\/www.reseauclimatjeunesse.org\/wp-content\/uploads\/2025\/06\/LOGO-AEM-Tunisie-vertical-260x300.png 260w, https:\/\/www.reseauclimatjeunesse.org\/wp-content\/uploads\/2025\/06\/LOGO-AEM-Tunisie-vertical-768x887.png 768w, https:\/\/www.reseauclimatjeunesse.org\/wp-content\/uploads\/2025\/06\/LOGO-AEM-Tunisie-vertical.png 1293w\" sizes=\"(max-width: 886px) 100vw, 886px\" \/>\t\t\t\t\t\t\t\t\t\t\t\t\t\t\t<\/div>\n\t\t\t\t<\/div>\n\t\t\t\t\t<\/div>\n\t\t\t\t<\/div>\n\t\t<div class=\"elementor-element elementor-element-1f730d4 e-flex e-con-boxed e-con e-parent\" data-id=\"1f730d4\" data-element_type=\"container\">\n\t\t\t\t\t<div class=\"e-con-inner\">\n\t\t\t\t\t<\/div>\n\t\t\t\t<\/div>\n\t\t\t\t<\/div>\n\t\t","protected":false},"excerpt":{"rendered":"<p>L&rsquo;Air et Moi L&rsquo;Air et Moi est un programme p\u00e9dagogique sur la pollution de l&rsquo;air\u00a0fait de diaporamas anim\u00e9s, quiz, vid\u00e9os, guides p\u00e9dagogiques regroupant des compl\u00e9ments d&rsquo;information, chiffres clef, d\u00e9finitions, travaux pratiques, conseils p\u00e9dagogiques pour accompagner les enseignants, parents et animateurs d\u00e9sireux de sensibiliser des enfants \u00e0 la qualit\u00e9 de l&rsquo;air. Cliquer pour acc\u00e9der aux diff\u00e9rents [&hellip;]<\/p>\n","protected":false},"author":1,"featured_media":0,"parent":0,"menu_order":0,"comment_status":"closed","ping_status":"closed","template":"","meta":{"ocean_post_layout":"","ocean_both_sidebars_style":"","ocean_both_sidebars_content_width":0,"ocean_both_sidebars_sidebars_width":0,"ocean_sidebar":"","ocean_second_sidebar":"","ocean_disable_margins":"enable","ocean_add_body_class":"","ocean_shortcode_before_top_bar":"","ocean_shortcode_after_top_bar":"","ocean_shortcode_before_header":"","ocean_shortcode_after_header":"","ocean_has_shortcode":"","ocean_shortcode_after_title":"","ocean_shortcode_before_footer_widgets":"","ocean_shortcode_after_footer_widgets":"","ocean_shortcode_before_footer_bottom":"","ocean_shortcode_after_footer_bottom":"","ocean_display_top_bar":"default","ocean_display_header":"default","ocean_header_style":"","ocean_center_header_left_menu":"","ocean_custom_header_template":"","ocean_custom_logo":0,"ocean_custom_retina_logo":0,"ocean_custom_logo_max_width":0,"ocean_custom_logo_tablet_max_width":0,"ocean_custom_logo_mobile_max_width":0,"ocean_custom_logo_max_height":0,"ocean_custom_logo_tablet_max_height":0,"ocean_custom_logo_mobile_max_height":0,"ocean_header_custom_menu":"","ocean_menu_typo_font_family":"","ocean_menu_typo_font_subset":"","ocean_menu_typo_font_size":0,"ocean_menu_typo_font_size_tablet":0,"ocean_menu_typo_font_size_mobile":0,"ocean_menu_typo_font_size_unit":"px","ocean_menu_typo_font_weight":"","ocean_menu_typo_font_weight_tablet":"","ocean_menu_typo_font_weight_mobile":"","ocean_menu_typo_transform":"","ocean_menu_typo_transform_tablet":"","ocean_menu_typo_transform_mobile":"","ocean_menu_typo_line_height":0,"ocean_menu_typo_line_height_tablet":0,"ocean_menu_typo_line_height_mobile":0,"ocean_menu_typo_line_height_unit":"","ocean_menu_typo_spacing":0,"ocean_menu_typo_spacing_tablet":0,"ocean_menu_typo_spacing_mobile":0,"ocean_menu_typo_spacing_unit":"","ocean_menu_link_color":"","ocean_menu_link_color_hover":"","ocean_menu_link_color_active":"","ocean_menu_link_background":"","ocean_menu_link_hover_background":"","ocean_menu_link_active_background":"","ocean_menu_social_links_bg":"","ocean_menu_social_hover_links_bg":"","ocean_menu_social_links_color":"","ocean_menu_social_hover_links_color":"","ocean_disable_title":"default","ocean_disable_heading":"default","ocean_post_title":"","ocean_post_subheading":"","ocean_post_title_style":"","ocean_post_title_background_color":"","ocean_post_title_background":0,"ocean_post_title_bg_image_position":"","ocean_post_title_bg_image_attachment":"","ocean_post_title_bg_image_repeat":"","ocean_post_title_bg_image_size":"","ocean_post_title_height":0,"ocean_post_title_bg_overlay":0.5,"ocean_post_title_bg_overlay_color":"","ocean_disable_breadcrumbs":"default","ocean_breadcrumbs_color":"","ocean_breadcrumbs_separator_color":"","ocean_breadcrumbs_links_color":"","ocean_breadcrumbs_links_hover_color":"","ocean_display_footer_widgets":"default","ocean_display_footer_bottom":"default","ocean_custom_footer_template":"","footnotes":""},"class_list":["post-426","page","type-page","status-publish","hentry","entry"],"yoast_head":"<!-- This site is optimized with the Yoast SEO plugin v25.6 - https:\/\/yoast.com\/wordpress\/plugins\/seo\/ -->\n<title>L&#039;Air et Moi - R\u00e9seau Climat Jeunesse<\/title>\n<meta name=\"robots\" content=\"index, follow, max-snippet:-1, max-image-preview:large, max-video-preview:-1\" \/>\n<link rel=\"canonical\" href=\"https:\/\/www.reseauclimatjeunesse.org\/index.php\/lair-et-moi\/\" \/>\n<meta property=\"og:locale\" content=\"fr_FR\" \/>\n<meta property=\"og:type\" content=\"article\" \/>\n<meta property=\"og:title\" content=\"L&#039;Air et Moi - R\u00e9seau Climat Jeunesse\" \/>\n<meta property=\"og:description\" content=\"L&rsquo;Air et Moi L&rsquo;Air et Moi est un programme p\u00e9dagogique sur la pollution de l&rsquo;air\u00a0fait de diaporamas anim\u00e9s, quiz, vid\u00e9os, guides p\u00e9dagogiques regroupant des compl\u00e9ments d&rsquo;information, chiffres clef, d\u00e9finitions, travaux pratiques, conseils p\u00e9dagogiques pour accompagner les enseignants, parents et animateurs d\u00e9sireux de sensibiliser des enfants \u00e0 la qualit\u00e9 de l&rsquo;air. Cliquer pour acc\u00e9der aux diff\u00e9rents [&hellip;]\" \/>\n<meta property=\"og:url\" content=\"https:\/\/www.reseauclimatjeunesse.org\/index.php\/lair-et-moi\/\" \/>\n<meta property=\"og:site_name\" content=\"R\u00e9seau Climat Jeunesse\" \/>\n<meta property=\"article:modified_time\" content=\"2025-06-23T13:57:39+00:00\" \/>\n<meta property=\"og:image\" content=\"http:\/\/www.reseauclimatjeunesse.org\/wp-content\/uploads\/2025\/06\/LOGO-FAEM_2025.jpg\" \/>\n<meta name=\"twitter:card\" content=\"summary_large_image\" \/>\n<meta name=\"twitter:label1\" content=\"Dur\u00e9e de lecture estim\u00e9e\" \/>\n\t<meta name=\"twitter:data1\" content=\"4 minutes\" \/>\n<script type=\"application\/ld+json\" class=\"yoast-schema-graph\">{\"@context\":\"https:\/\/schema.org\",\"@graph\":[{\"@type\":\"WebPage\",\"@id\":\"https:\/\/www.reseauclimatjeunesse.org\/index.php\/lair-et-moi\/\",\"url\":\"https:\/\/www.reseauclimatjeunesse.org\/index.php\/lair-et-moi\/\",\"name\":\"L'Air et Moi - R\u00e9seau Climat Jeunesse\",\"isPartOf\":{\"@id\":\"https:\/\/www.reseauclimatjeunesse.org\/#website\"},\"primaryImageOfPage\":{\"@id\":\"https:\/\/www.reseauclimatjeunesse.org\/index.php\/lair-et-moi\/#primaryimage\"},\"image\":{\"@id\":\"https:\/\/www.reseauclimatjeunesse.org\/index.php\/lair-et-moi\/#primaryimage\"},\"thumbnailUrl\":\"http:\/\/www.reseauclimatjeunesse.org\/wp-content\/uploads\/2025\/06\/LOGO-FAEM_2025.jpg\",\"datePublished\":\"2025-06-04T13:26:17+00:00\",\"dateModified\":\"2025-06-23T13:57:39+00:00\",\"breadcrumb\":{\"@id\":\"https:\/\/www.reseauclimatjeunesse.org\/index.php\/lair-et-moi\/#breadcrumb\"},\"inLanguage\":\"fr-FR\",\"potentialAction\":[{\"@type\":\"ReadAction\",\"target\":[\"https:\/\/www.reseauclimatjeunesse.org\/index.php\/lair-et-moi\/\"]}]},{\"@type\":\"ImageObject\",\"inLanguage\":\"fr-FR\",\"@id\":\"https:\/\/www.reseauclimatjeunesse.org\/index.php\/lair-et-moi\/#primaryimage\",\"url\":\"https:\/\/www.reseauclimatjeunesse.org\/wp-content\/uploads\/2025\/06\/LOGO-FAEM_2025.jpg\",\"contentUrl\":\"https:\/\/www.reseauclimatjeunesse.org\/wp-content\/uploads\/2025\/06\/LOGO-FAEM_2025.jpg\",\"width\":639,\"height\":269},{\"@type\":\"BreadcrumbList\",\"@id\":\"https:\/\/www.reseauclimatjeunesse.org\/index.php\/lair-et-moi\/#breadcrumb\",\"itemListElement\":[{\"@type\":\"ListItem\",\"position\":1,\"name\":\"Accueil\",\"item\":\"https:\/\/www.reseauclimatjeunesse.org\/\"},{\"@type\":\"ListItem\",\"position\":2,\"name\":\"L&rsquo;Air et Moi\"}]},{\"@type\":\"WebSite\",\"@id\":\"https:\/\/www.reseauclimatjeunesse.org\/#website\",\"url\":\"https:\/\/www.reseauclimatjeunesse.org\/\",\"name\":\"R\u00e9seau Climat Jeunesse\",\"description\":\"RCJ FAEM\",\"publisher\":{\"@id\":\"https:\/\/www.reseauclimatjeunesse.org\/#organization\"},\"potentialAction\":[{\"@type\":\"SearchAction\",\"target\":{\"@type\":\"EntryPoint\",\"urlTemplate\":\"https:\/\/www.reseauclimatjeunesse.org\/?s={search_term_string}\"},\"query-input\":{\"@type\":\"PropertyValueSpecification\",\"valueRequired\":true,\"valueName\":\"search_term_string\"}}],\"inLanguage\":\"fr-FR\"},{\"@type\":\"Organization\",\"@id\":\"https:\/\/www.reseauclimatjeunesse.org\/#organization\",\"name\":\"R\u00e9seau Climat Jeunesse\",\"url\":\"https:\/\/www.reseauclimatjeunesse.org\/\",\"logo\":{\"@type\":\"ImageObject\",\"inLanguage\":\"fr-FR\",\"@id\":\"https:\/\/www.reseauclimatjeunesse.org\/#\/schema\/logo\/image\/\",\"url\":\"https:\/\/www.reseauclimatjeunesse.org\/wp-content\/uploads\/2025\/07\/cropped-Logo-climat-jeunesse-Vperso-AEM.png\",\"contentUrl\":\"https:\/\/www.reseauclimatjeunesse.org\/wp-content\/uploads\/2025\/07\/cropped-Logo-climat-jeunesse-Vperso-AEM.png\",\"width\":1089,\"height\":1041,\"caption\":\"R\u00e9seau Climat Jeunesse\"},\"image\":{\"@id\":\"https:\/\/www.reseauclimatjeunesse.org\/#\/schema\/logo\/image\/\"}}]}<\/script>\n<!-- \/ Yoast SEO plugin. -->","yoast_head_json":{"title":"L'Air et Moi - R\u00e9seau Climat Jeunesse","robots":{"index":"index","follow":"follow","max-snippet":"max-snippet:-1","max-image-preview":"max-image-preview:large","max-video-preview":"max-video-preview:-1"},"canonical":"https:\/\/www.reseauclimatjeunesse.org\/index.php\/lair-et-moi\/","og_locale":"fr_FR","og_type":"article","og_title":"L'Air et Moi - R\u00e9seau Climat Jeunesse","og_description":"L&rsquo;Air et Moi L&rsquo;Air et Moi est un programme p\u00e9dagogique sur la pollution de l&rsquo;air\u00a0fait de diaporamas anim\u00e9s, quiz, vid\u00e9os, guides p\u00e9dagogiques regroupant des compl\u00e9ments d&rsquo;information, chiffres clef, d\u00e9finitions, travaux pratiques, conseils p\u00e9dagogiques pour accompagner les enseignants, parents et animateurs d\u00e9sireux de sensibiliser des enfants \u00e0 la qualit\u00e9 de l&rsquo;air. Cliquer pour acc\u00e9der aux diff\u00e9rents [&hellip;]","og_url":"https:\/\/www.reseauclimatjeunesse.org\/index.php\/lair-et-moi\/","og_site_name":"R\u00e9seau Climat Jeunesse","article_modified_time":"2025-06-23T13:57:39+00:00","og_image":[{"url":"http:\/\/www.reseauclimatjeunesse.org\/wp-content\/uploads\/2025\/06\/LOGO-FAEM_2025.jpg","type":"","width":"","height":""}],"twitter_card":"summary_large_image","twitter_misc":{"Dur\u00e9e de lecture estim\u00e9e":"4 minutes"},"schema":{"@context":"https:\/\/schema.org","@graph":[{"@type":"WebPage","@id":"https:\/\/www.reseauclimatjeunesse.org\/index.php\/lair-et-moi\/","url":"https:\/\/www.reseauclimatjeunesse.org\/index.php\/lair-et-moi\/","name":"L'Air et Moi - R\u00e9seau Climat Jeunesse","isPartOf":{"@id":"https:\/\/www.reseauclimatjeunesse.org\/#website"},"primaryImageOfPage":{"@id":"https:\/\/www.reseauclimatjeunesse.org\/index.php\/lair-et-moi\/#primaryimage"},"image":{"@id":"https:\/\/www.reseauclimatjeunesse.org\/index.php\/lair-et-moi\/#primaryimage"},"thumbnailUrl":"http:\/\/www.reseauclimatjeunesse.org\/wp-content\/uploads\/2025\/06\/LOGO-FAEM_2025.jpg","datePublished":"2025-06-04T13:26:17+00:00","dateModified":"2025-06-23T13:57:39+00:00","breadcrumb":{"@id":"https:\/\/www.reseauclimatjeunesse.org\/index.php\/lair-et-moi\/#breadcrumb"},"inLanguage":"fr-FR","potentialAction":[{"@type":"ReadAction","target":["https:\/\/www.reseauclimatjeunesse.org\/index.php\/lair-et-moi\/"]}]},{"@type":"ImageObject","inLanguage":"fr-FR","@id":"https:\/\/www.reseauclimatjeunesse.org\/index.php\/lair-et-moi\/#primaryimage","url":"https:\/\/www.reseauclimatjeunesse.org\/wp-content\/uploads\/2025\/06\/LOGO-FAEM_2025.jpg","contentUrl":"https:\/\/www.reseauclimatjeunesse.org\/wp-content\/uploads\/2025\/06\/LOGO-FAEM_2025.jpg","width":639,"height":269},{"@type":"BreadcrumbList","@id":"https:\/\/www.reseauclimatjeunesse.org\/index.php\/lair-et-moi\/#breadcrumb","itemListElement":[{"@type":"ListItem","position":1,"name":"Accueil","item":"https:\/\/www.reseauclimatjeunesse.org\/"},{"@type":"ListItem","position":2,"name":"L&rsquo;Air et Moi"}]},{"@type":"WebSite","@id":"https:\/\/www.reseauclimatjeunesse.org\/#website","url":"https:\/\/www.reseauclimatjeunesse.org\/","name":"R\u00e9seau Climat Jeunesse","description":"RCJ FAEM","publisher":{"@id":"https:\/\/www.reseauclimatjeunesse.org\/#organization"},"potentialAction":[{"@type":"SearchAction","target":{"@type":"EntryPoint","urlTemplate":"https:\/\/www.reseauclimatjeunesse.org\/?s={search_term_string}"},"query-input":{"@type":"PropertyValueSpecification","valueRequired":true,"valueName":"search_term_string"}}],"inLanguage":"fr-FR"},{"@type":"Organization","@id":"https:\/\/www.reseauclimatjeunesse.org\/#organization","name":"R\u00e9seau Climat Jeunesse","url":"https:\/\/www.reseauclimatjeunesse.org\/","logo":{"@type":"ImageObject","inLanguage":"fr-FR","@id":"https:\/\/www.reseauclimatjeunesse.org\/#\/schema\/logo\/image\/","url":"https:\/\/www.reseauclimatjeunesse.org\/wp-content\/uploads\/2025\/07\/cropped-Logo-climat-jeunesse-Vperso-AEM.png","contentUrl":"https:\/\/www.reseauclimatjeunesse.org\/wp-content\/uploads\/2025\/07\/cropped-Logo-climat-jeunesse-Vperso-AEM.png","width":1089,"height":1041,"caption":"R\u00e9seau Climat Jeunesse"},"image":{"@id":"https:\/\/www.reseauclimatjeunesse.org\/#\/schema\/logo\/image\/"}}]}},"_links":{"self":[{"href":"https:\/\/www.reseauclimatjeunesse.org\/index.php\/wp-json\/wp\/v2\/pages\/426","targetHints":{"allow":["GET"]}}],"collection":[{"href":"https:\/\/www.reseauclimatjeunesse.org\/index.php\/wp-json\/wp\/v2\/pages"}],"about":[{"href":"https:\/\/www.reseauclimatjeunesse.org\/index.php\/wp-json\/wp\/v2\/types\/page"}],"author":[{"embeddable":true,"href":"https:\/\/www.reseauclimatjeunesse.org\/index.php\/wp-json\/wp\/v2\/users\/1"}],"replies":[{"embeddable":true,"href":"https:\/\/www.reseauclimatjeunesse.org\/index.php\/wp-json\/wp\/v2\/comments?post=426"}],"version-history":[{"count":40,"href":"https:\/\/www.reseauclimatjeunesse.org\/index.php\/wp-json\/wp\/v2\/pages\/426\/revisions"}],"predecessor-version":[{"id":874,"href":"https:\/\/www.reseauclimatjeunesse.org\/index.php\/wp-json\/wp\/v2\/pages\/426\/revisions\/874"}],"wp:attachment":[{"href":"https:\/\/www.reseauclimatjeunesse.org\/index.php\/wp-json\/wp\/v2\/media?parent=426"}],"curies":[{"name":"wp","href":"https:\/\/api.w.org\/{rel}","templated":true}]}}